{"id":12372,"date":"2023-04-25T08:13:47","date_gmt":"2023-04-25T12:13:47","guid":{"rendered":"https:\/\/nellydevuyst.com\/product\/special-concerns-dark-circles\/"},"modified":"2024-03-28T16:31:15","modified_gmt":"2024-03-28T20:31:15","slug":"preoccupations-speciales-cernes","status":"publish","type":"product","link":"https:\/\/nellydevuyst.com\/fr\/produit\/preoccupations-speciales-cernes\/","title":{"rendered":"Soins des Yeux | Cernes"},"content":{"rendered":"","protected":false},"excerpt":{"rendered":"<p><strong>Soins des yeux<\/strong><\/p>\n<p>La g\u00e9n\u00e9tique, la pigmentation, les allergies et l&rsquo;amincissement de la peau sont autant de facteurs qui contribuent \u00e0 l&rsquo;apparition des cernes. Les produits Nelly De Vuyst\u00ae Eye Contour sont formul\u00e9s pour respecter la physiologie de la peau du contour des yeux.<\/p>\n<p class=\"lead\">Vous trouverez ci-dessous les produits recommand\u00e9s par Nelly De Vuyst\u00ae. S\u00e9lectionnez la quantit\u00e9 \u00e0 acheter puis ajoutez au panier.<\/p>\n","protected":false},"featured_media":11935,"comment_status":"closed","ping_status":"closed","template":"","meta":[],"product_brand":[],"product_cat":[182],"product_tag":[247,268,269],"giftcard-category":[],"class_list":{"0":"post-12372","1":"product","2":"type-product","3":"status-publish","4":"has-post-thumbnail","6":"product_cat-preoccupations-cutanees","7":"product_tag-anti-age","8":"product_tag-cernes","9":"product_tag-contour-des-yeux","11":"first","12":"instock","13":"taxable","14":"shipping-taxable","15":"product-type-grouped"},"yoast_head":"<!-- This site is optimized with the Yoast SEO plugin v27.4 - https:\/\/yoast.com\/product\/yoast-seo-wordpress\/ -->\n<title>Soins des Yeux | Cernes | Nelly De Vuyst\u00ae Skin Care<\/title>\n<meta name=\"description\" content=\"La g\u00e9n\u00e9tique, la pigmentation, les allergies et l&#039;amincissement de la peau sont autant de facteurs qui contribuent \u00e0 l&#039;apparition des cernes. Les produits Nelly De Vuyst\u00ae Eye Contour sont formul\u00e9s pour respecter la physiologie de la peau du contour des yeux.\" \/>\n<meta name=\"robots\" content=\"index, follow, max-snippet:-1, max-image-preview:large, max-video-preview:-1\" \/>\n<link rel=\"canonical\" href=\"https:\/\/nellydevuyst.com\/fr\/produit\/preoccupations-speciales-cernes\/\" \/>\n<meta property=\"og:locale\" content=\"fr_FR\" \/>\n<meta property=\"og:type\" content=\"article\" \/>\n<meta property=\"og:title\" content=\"Soins des Yeux | Cernes | Nelly De Vuyst\u00ae Skin Care\" \/>\n<meta property=\"og:description\" content=\"La g\u00e9n\u00e9tique, la pigmentation, les allergies et l&#039;amincissement de la peau sont autant de facteurs qui contribuent \u00e0 l&#039;apparition des cernes. Les produits Nelly De Vuyst\u00ae Eye Contour sont formul\u00e9s pour respecter la physiologie de la peau du contour des yeux.\" \/>\n<meta property=\"og:url\" content=\"https:\/\/nellydevuyst.com\/fr\/produit\/preoccupations-speciales-cernes\/\" \/>\n<meta property=\"og:site_name\" content=\"Nelly De Vuyst\u00ae Skin Care\" \/>\n<meta property=\"article:publisher\" content=\"https:\/\/www.facebook.com\/NellyDeVuystSkincare\/\" \/>\n<meta property=\"article:modified_time\" content=\"2024-03-28T20:31:15+00:00\" \/>\n<meta property=\"og:image\" content=\"https:\/\/nellydevuyst.com\/wp-content\/uploads\/2023\/04\/eyes-dark-circles.jpg\" \/>\n\t<meta property=\"og:image:width\" content=\"1200\" \/>\n\t<meta property=\"og:image:height\" content=\"1200\" \/>\n\t<meta property=\"og:image:type\" content=\"image\/jpeg\" \/>\n<meta name=\"twitter:card\" content=\"summary_large_image\" \/>\n<script type=\"application\/ld+json\" class=\"yoast-schema-graph\">{\"@context\":\"https:\\\/\\\/schema.org\",\"@graph\":[{\"@type\":[\"WebPage\",\"ItemPage\"],\"@id\":\"https:\\\/\\\/nellydevuyst.com\\\/fr\\\/produit\\\/preoccupations-speciales-cernes\\\/\",\"url\":\"https:\\\/\\\/nellydevuyst.com\\\/fr\\\/produit\\\/preoccupations-speciales-cernes\\\/\",\"name\":\"Soins des Yeux | Cernes | Nelly De Vuyst\u00ae Skin Care\",\"isPartOf\":{\"@id\":\"https:\\\/\\\/nellydevuyst.com\\\/fr\\\/#website\"},\"primaryImageOfPage\":{\"@id\":\"https:\\\/\\\/nellydevuyst.com\\\/fr\\\/produit\\\/preoccupations-speciales-cernes\\\/#primaryimage\"},\"image\":{\"@id\":\"https:\\\/\\\/nellydevuyst.com\\\/fr\\\/produit\\\/preoccupations-speciales-cernes\\\/#primaryimage\"},\"thumbnailUrl\":\"https:\\\/\\\/nellydevuyst.com\\\/wp-content\\\/uploads\\\/2023\\\/04\\\/eyes-dark-circles.jpg\",\"datePublished\":\"2023-04-25T12:13:47+00:00\",\"dateModified\":\"2024-03-28T20:31:15+00:00\",\"description\":\"La g\u00e9n\u00e9tique, la pigmentation, les allergies et l'amincissement de la peau sont autant de facteurs qui contribuent \u00e0 l'apparition des cernes. Les produits Nelly De Vuyst\u00ae Eye Contour sont formul\u00e9s pour respecter la physiologie de la peau du contour des yeux.\",\"breadcrumb\":{\"@id\":\"https:\\\/\\\/nellydevuyst.com\\\/fr\\\/produit\\\/preoccupations-speciales-cernes\\\/#breadcrumb\"},\"inLanguage\":\"fr-FR\",\"potentialAction\":[{\"@type\":\"ReadAction\",\"target\":[\"https:\\\/\\\/nellydevuyst.com\\\/fr\\\/produit\\\/preoccupations-speciales-cernes\\\/\"]}]},{\"@type\":\"ImageObject\",\"inLanguage\":\"fr-FR\",\"@id\":\"https:\\\/\\\/nellydevuyst.com\\\/fr\\\/produit\\\/preoccupations-speciales-cernes\\\/#primaryimage\",\"url\":\"https:\\\/\\\/nellydevuyst.com\\\/wp-content\\\/uploads\\\/2023\\\/04\\\/eyes-dark-circles.jpg\",\"contentUrl\":\"https:\\\/\\\/nellydevuyst.com\\\/wp-content\\\/uploads\\\/2023\\\/04\\\/eyes-dark-circles.jpg\",\"width\":1200,\"height\":1200,\"caption\":\"Soins des Yeux | Cernes\"},{\"@type\":\"BreadcrumbList\",\"@id\":\"https:\\\/\\\/nellydevuyst.com\\\/fr\\\/produit\\\/preoccupations-speciales-cernes\\\/#breadcrumb\",\"itemListElement\":[{\"@type\":\"ListItem\",\"position\":1,\"name\":\"Home\",\"item\":\"https:\\\/\\\/nellydevuyst.com\\\/fr\\\/\"},{\"@type\":\"ListItem\",\"position\":2,\"name\":\"Boutique\",\"item\":\"https:\\\/\\\/nellydevuyst.com\\\/fr\\\/boutique\\\/\"},{\"@type\":\"ListItem\",\"position\":3,\"name\":\"Soins des Yeux | Cernes\"}]},{\"@type\":\"WebSite\",\"@id\":\"https:\\\/\\\/nellydevuyst.com\\\/fr\\\/#website\",\"url\":\"https:\\\/\\\/nellydevuyst.com\\\/fr\\\/\",\"name\":\"Nelly De Vuyst\u00ae Skin Care\",\"description\":\"The Best of Science and Nature\",\"publisher\":{\"@id\":\"https:\\\/\\\/nellydevuyst.com\\\/fr\\\/#organization\"},\"alternateName\":\"NDV Skin Care\",\"potentialAction\":[{\"@type\":\"SearchAction\",\"target\":{\"@type\":\"EntryPoint\",\"urlTemplate\":\"https:\\\/\\\/nellydevuyst.com\\\/fr\\\/?s={search_term_string}\"},\"query-input\":{\"@type\":\"PropertyValueSpecification\",\"valueRequired\":true,\"valueName\":\"search_term_string\"}}],\"inLanguage\":\"fr-FR\"},{\"@type\":\"Organization\",\"@id\":\"https:\\\/\\\/nellydevuyst.com\\\/fr\\\/#organization\",\"name\":\"Nelly De Vuyst Skin Care\",\"alternateName\":\"NDV Skin Care\",\"url\":\"https:\\\/\\\/nellydevuyst.com\\\/fr\\\/\",\"logo\":{\"@type\":\"ImageObject\",\"inLanguage\":\"fr-FR\",\"@id\":\"https:\\\/\\\/nellydevuyst.com\\\/fr\\\/#\\\/schema\\\/logo\\\/image\\\/\",\"url\":\"https:\\\/\\\/nellydevuyst.com\\\/wp-content\\\/uploads\\\/2024\\\/01\\\/ndv-logo-favico.png\",\"contentUrl\":\"https:\\\/\\\/nellydevuyst.com\\\/wp-content\\\/uploads\\\/2024\\\/01\\\/ndv-logo-favico.png\",\"width\":512,\"height\":512,\"caption\":\"Nelly De Vuyst Skin Care\"},\"image\":{\"@id\":\"https:\\\/\\\/nellydevuyst.com\\\/fr\\\/#\\\/schema\\\/logo\\\/image\\\/\"},\"sameAs\":[\"https:\\\/\\\/www.facebook.com\\\/NellyDeVuystSkincare\\\/\",\"https:\\\/\\\/www.instagram.com\\\/nelly_devuyst\\\/\",\"https:\\\/\\\/www.youtube.com\\\/user\\\/derme8282\",\"https:\\\/\\\/www.tiktok.com\\\/@nellydevuyst\",\"https:\\\/\\\/www.pinterest.com.mx\\\/nellydevuystskincare\\\/\"]}]}<\/script>\n<!-- \/ Yoast SEO plugin. -->","yoast_head_json":{"title":"Soins des Yeux | Cernes | Nelly De Vuyst\u00ae Skin Care","description":"La g\u00e9n\u00e9tique, la pigmentation, les allergies et l'amincissement de la peau sont autant de facteurs qui contribuent \u00e0 l'apparition des cernes. Les produits Nelly De Vuyst\u00ae Eye Contour sont formul\u00e9s pour respecter la physiologie de la peau du contour des yeux.","robots":{"index":"index","follow":"follow","max-snippet":"max-snippet:-1","max-image-preview":"max-image-preview:large","max-video-preview":"max-video-preview:-1"},"canonical":"https:\/\/nellydevuyst.com\/fr\/produit\/preoccupations-speciales-cernes\/","og_locale":"fr_FR","og_type":"article","og_title":"Soins des Yeux | Cernes | Nelly De Vuyst\u00ae Skin Care","og_description":"La g\u00e9n\u00e9tique, la pigmentation, les allergies et l'amincissement de la peau sont autant de facteurs qui contribuent \u00e0 l'apparition des cernes. Les produits Nelly De Vuyst\u00ae Eye Contour sont formul\u00e9s pour respecter la physiologie de la peau du contour des yeux.","og_url":"https:\/\/nellydevuyst.com\/fr\/produit\/preoccupations-speciales-cernes\/","og_site_name":"Nelly De Vuyst\u00ae Skin Care","article_publisher":"https:\/\/www.facebook.com\/NellyDeVuystSkincare\/","article_modified_time":"2024-03-28T20:31:15+00:00","og_image":[{"width":1200,"height":1200,"url":"https:\/\/nellydevuyst.com\/wp-content\/uploads\/2023\/04\/eyes-dark-circles.jpg","type":"image\/jpeg"}],"twitter_card":"summary_large_image","schema":{"@context":"https:\/\/schema.org","@graph":[{"@type":["WebPage","ItemPage"],"@id":"https:\/\/nellydevuyst.com\/fr\/produit\/preoccupations-speciales-cernes\/","url":"https:\/\/nellydevuyst.com\/fr\/produit\/preoccupations-speciales-cernes\/","name":"Soins des Yeux | Cernes | Nelly De Vuyst\u00ae Skin Care","isPartOf":{"@id":"https:\/\/nellydevuyst.com\/fr\/#website"},"primaryImageOfPage":{"@id":"https:\/\/nellydevuyst.com\/fr\/produit\/preoccupations-speciales-cernes\/#primaryimage"},"image":{"@id":"https:\/\/nellydevuyst.com\/fr\/produit\/preoccupations-speciales-cernes\/#primaryimage"},"thumbnailUrl":"https:\/\/nellydevuyst.com\/wp-content\/uploads\/2023\/04\/eyes-dark-circles.jpg","datePublished":"2023-04-25T12:13:47+00:00","dateModified":"2024-03-28T20:31:15+00:00","description":"La g\u00e9n\u00e9tique, la pigmentation, les allergies et l'amincissement de la peau sont autant de facteurs qui contribuent \u00e0 l'apparition des cernes. Les produits Nelly De Vuyst\u00ae Eye Contour sont formul\u00e9s pour respecter la physiologie de la peau du contour des yeux.","breadcrumb":{"@id":"https:\/\/nellydevuyst.com\/fr\/produit\/preoccupations-speciales-cernes\/#breadcrumb"},"inLanguage":"fr-FR","potentialAction":[{"@type":"ReadAction","target":["https:\/\/nellydevuyst.com\/fr\/produit\/preoccupations-speciales-cernes\/"]}]},{"@type":"ImageObject","inLanguage":"fr-FR","@id":"https:\/\/nellydevuyst.com\/fr\/produit\/preoccupations-speciales-cernes\/#primaryimage","url":"https:\/\/nellydevuyst.com\/wp-content\/uploads\/2023\/04\/eyes-dark-circles.jpg","contentUrl":"https:\/\/nellydevuyst.com\/wp-content\/uploads\/2023\/04\/eyes-dark-circles.jpg","width":1200,"height":1200,"caption":"Soins des Yeux | Cernes"},{"@type":"BreadcrumbList","@id":"https:\/\/nellydevuyst.com\/fr\/produit\/preoccupations-speciales-cernes\/#breadcrumb","itemListElement":[{"@type":"ListItem","position":1,"name":"Home","item":"https:\/\/nellydevuyst.com\/fr\/"},{"@type":"ListItem","position":2,"name":"Boutique","item":"https:\/\/nellydevuyst.com\/fr\/boutique\/"},{"@type":"ListItem","position":3,"name":"Soins des Yeux | Cernes"}]},{"@type":"WebSite","@id":"https:\/\/nellydevuyst.com\/fr\/#website","url":"https:\/\/nellydevuyst.com\/fr\/","name":"Nelly De Vuyst\u00ae Skin Care","description":"The Best of Science and Nature","publisher":{"@id":"https:\/\/nellydevuyst.com\/fr\/#organization"},"alternateName":"NDV Skin Care","potentialAction":[{"@type":"SearchAction","target":{"@type":"EntryPoint","urlTemplate":"https:\/\/nellydevuyst.com\/fr\/?s={search_term_string}"},"query-input":{"@type":"PropertyValueSpecification","valueRequired":true,"valueName":"search_term_string"}}],"inLanguage":"fr-FR"},{"@type":"Organization","@id":"https:\/\/nellydevuyst.com\/fr\/#organization","name":"Nelly De Vuyst Skin Care","alternateName":"NDV Skin Care","url":"https:\/\/nellydevuyst.com\/fr\/","logo":{"@type":"ImageObject","inLanguage":"fr-FR","@id":"https:\/\/nellydevuyst.com\/fr\/#\/schema\/logo\/image\/","url":"https:\/\/nellydevuyst.com\/wp-content\/uploads\/2024\/01\/ndv-logo-favico.png","contentUrl":"https:\/\/nellydevuyst.com\/wp-content\/uploads\/2024\/01\/ndv-logo-favico.png","width":512,"height":512,"caption":"Nelly De Vuyst Skin Care"},"image":{"@id":"https:\/\/nellydevuyst.com\/fr\/#\/schema\/logo\/image\/"},"sameAs":["https:\/\/www.facebook.com\/NellyDeVuystSkincare\/","https:\/\/www.instagram.com\/nelly_devuyst\/","https:\/\/www.youtube.com\/user\/derme8282","https:\/\/www.tiktok.com\/@nellydevuyst","https:\/\/www.pinterest.com.mx\/nellydevuystskincare\/"]}]}},"_links":{"self":[{"href":"https:\/\/nellydevuyst.com\/fr\/wp-json\/wp\/v2\/product\/12372","targetHints":{"allow":["GET"]}}],"collection":[{"href":"https:\/\/nellydevuyst.com\/fr\/wp-json\/wp\/v2\/product"}],"about":[{"href":"https:\/\/nellydevuyst.com\/fr\/wp-json\/wp\/v2\/types\/product"}],"replies":[{"embeddable":true,"href":"https:\/\/nellydevuyst.com\/fr\/wp-json\/wp\/v2\/comments?post=12372"}],"wp:featuredmedia":[{"embeddable":true,"href":"https:\/\/nellydevuyst.com\/fr\/wp-json\/wp\/v2\/media\/11935"}],"wp:attachment":[{"href":"https:\/\/nellydevuyst.com\/fr\/wp-json\/wp\/v2\/media?parent=12372"}],"wp:term":[{"taxonomy":"product_brand","embeddable":true,"href":"https:\/\/nellydevuyst.com\/fr\/wp-json\/wp\/v2\/product_brand?post=12372"},{"taxonomy":"product_cat","embeddable":true,"href":"https:\/\/nellydevuyst.com\/fr\/wp-json\/wp\/v2\/product_cat?post=12372"},{"taxonomy":"product_tag","embeddable":true,"href":"https:\/\/nellydevuyst.com\/fr\/wp-json\/wp\/v2\/product_tag?post=12372"},{"taxonomy":"giftcard-category","embeddable":true,"href":"https:\/\/nellydevuyst.com\/fr\/wp-json\/wp\/v2\/giftcard-category?post=12372"}],"curies":[{"name":"wp","href":"https:\/\/api.w.org\/{rel}","templated":true}]}}