{"id":1570,"date":"2019-05-31T19:18:00","date_gmt":"2019-05-31T23:18:00","guid":{"rendered":"https:\/\/nellydevuyst.com\/product\/mask-bioacne\/"},"modified":"2026-04-03T13:18:15","modified_gmt":"2026-04-03T17:18:15","slug":"masque-bioacne","status":"publish","type":"product","link":"https:\/\/nellydevuyst.com\/fr\/produit\/masque-bioacne\/","title":{"rendered":"Masque BioAcne"},"content":{"rendered":"<h2 class=\"uppercase\">M\u00e9lange naturel : Masque hebdomadaire biologique pour les peaux grasses<\/h2>\n<p>Produit naturel anti-acn\u00e9 approuv\u00e9 par Sant\u00e9 Canada, notre masque anti-acn\u00e9 biologique est con\u00e7u pour d\u00e9voiler une peau claire et radieuse de fa\u00e7on naturelle. Sp\u00e9cialement formul\u00e9 pour les peaux grasses et sujettes \u00e0 l&rsquo;acn\u00e9, ce traitement hebdomadaire m\u00e9lange de l&rsquo;argile glaciale, une solution d&rsquo;argent et un complexe bact\u00e9riostatique, en utilisant la m\u00e9thode diadermique pour des r\u00e9sultats efficaces. D\u00e8s la premi\u00e8re application, les pores s&rsquo;affinent, la cicatrisation des l\u00e9sions acn\u00e9iques s&rsquo;acc\u00e9l\u00e8re et le teint est plus lisse et plus clair. Enrichi de merveilles naturelles telles que les huiles essentielles d&rsquo;arbre \u00e0 th\u00e9 et de lavande, ce masque absorbe le s\u00e9bum, purifie la peau et apaise les rougeurs, laissant derri\u00e8re lui un fini frais et mat. Adoptez la puret\u00e9 de votre masque pr\u00e9f\u00e9r\u00e9 pour un rituel hebdomadaire naturel qui transforme votre peau en sant\u00e9 et en \u00e9clat.<\/p>\n","protected":false},"excerpt":{"rendered":"<p>Un soin hebdomadaire essentiel pour les peaux grasses et acn\u00e9iques. Ce traitement biologique, enrichi en argile glaciale, affine instantan\u00e9ment les pores et pr\u00e9vient les imperfections. D\u00e8s la premi\u00e8re application, il acc\u00e9l\u00e8re la gu\u00e9rison, laissant la peau plus lisse, plus claire et revitalis\u00e9e. Le masque id\u00e9al pour une peau fra\u00eeche et mate.<\/p>\n<ul>\n<li class=\"bullet-arrow\"><strong>Texture :<\/strong> Argile cr\u00e9meuse<\/li>\n<li class=\"bullet-arrow\"><strong>Type de peau :<\/strong> Peau grasse, peau \u00e0 tendance acn\u00e9ique, peau sensible<\/li>\n<li class=\"bullet-arrow\"><strong>Pr\u00e9occupations cutan\u00e9es :<\/strong> Peau acn\u00e9ique, Peau rosac\u00e9e, Peau sensible<\/li>\n<li class=\"bullet-arrow\"><strong>Format :<\/strong> 2.40 oz. &#8211; 70 g <em>(Tube)<\/em><\/li>\n<\/ul>\n<div class=\"row row-full-width align-equal\"  id=\"row-1937848031\">\n\t<div id=\"col-131132499\" class=\"col small-12 large-12\"  >\n\t\t\t\t<div class=\"col-inner\"  >\n\t\t\t\n\t\t\t\n\n  \n    <div class=\"row large-columns-8 medium-columns-8 small-columns-8 row-collapse\" >\n  <div class=\"gallery-col col\" >\n          <div class=\"col-inner\">\n                        <div class=\"box has-hover gallery-box box-none\">\n              <div class=\"box-image\" >\n                <img width=\"1\" height=\"1\" src=\"https:\/\/nellydevuyst.com\/wp-content\/uploads\/2023\/05\/ECOCERT-EN.svg\" class=\"attachment-medium size-medium\" alt=\"ECOCERT COSMOS ORGANIC\" ids=\"12312,12310,12318,12322,12302,12321,12305,12309\" style=\"none\" lightbox=\"false\" col_spacing=\"collapse\" columns=\"8\" columns__sm=\"8\" columns__md=\"8\" decoding=\"async\" loading=\"lazy\" \/>                                                              <\/div>\n              <div class=\"box-text text-left\" >\n                 <p>ECOCERT COSMOS ORGANIC<\/p>\n              <\/div>\n            <\/div>\n                      <\/div>\n         <\/div><div class=\"gallery-col col\" >\n          <div class=\"col-inner\">\n                        <div class=\"box has-hover gallery-box box-none\">\n              <div class=\"box-image\" >\n                <img width=\"1\" height=\"1\" src=\"https:\/\/nellydevuyst.com\/wp-content\/uploads\/2023\/05\/COSMOS-EN.svg\" class=\"attachment-medium size-medium\" alt=\"BIO COSMETIQUE\" ids=\"12312,12310,12318,12322,12302,12321,12305,12309\" style=\"none\" lightbox=\"false\" col_spacing=\"collapse\" columns=\"8\" columns__sm=\"8\" columns__md=\"8\" decoding=\"async\" loading=\"lazy\" \/>                                                              <\/div>\n              <div class=\"box-text text-left\" >\n                 <p>BIO COSMETIQUE<\/p>\n              <\/div>\n            <\/div>\n                      <\/div>\n         <\/div><div class=\"gallery-col col\" >\n          <div class=\"col-inner\">\n                        <div class=\"box has-hover gallery-box box-none\">\n              <div class=\"box-image\" >\n                <img width=\"1\" height=\"1\" src=\"https:\/\/nellydevuyst.com\/wp-content\/uploads\/2023\/05\/OGM-FR.svg\" class=\"attachment-medium size-medium\" alt=\"GLUTEN OGM\" ids=\"12312,12310,12318,12322,12302,12321,12305,12309\" style=\"none\" lightbox=\"false\" col_spacing=\"collapse\" columns=\"8\" columns__sm=\"8\" columns__md=\"8\" decoding=\"async\" loading=\"lazy\" \/>                                                              <\/div>\n              <div class=\"box-text text-left\" >\n                 <p>GLUTEN OGM<\/p>\n              <\/div>\n            <\/div>\n                      <\/div>\n         <\/div><div class=\"gallery-col col\" >\n          <div class=\"col-inner\">\n                        <div class=\"box has-hover gallery-box box-none\">\n              <div class=\"box-image\" >\n                <img width=\"1\" height=\"1\" src=\"https:\/\/nellydevuyst.com\/wp-content\/uploads\/2023\/05\/VEGAN-EN.svg\" class=\"attachment-medium size-medium\" alt=\"VEGAN\" ids=\"12312,12310,12318,12322,12302,12321,12305,12309\" style=\"none\" lightbox=\"false\" col_spacing=\"collapse\" columns=\"8\" columns__sm=\"8\" columns__md=\"8\" decoding=\"async\" loading=\"lazy\" \/>                                                              <\/div>\n              <div class=\"box-text text-left\" >\n                 <p>VEGAN<\/p>\n              <\/div>\n            <\/div>\n                      <\/div>\n         <\/div><div class=\"gallery-col col\" >\n          <div class=\"col-inner\">\n                        <div class=\"box has-hover gallery-box box-none\">\n              <div class=\"box-image\" >\n                <img width=\"1\" height=\"1\" src=\"https:\/\/nellydevuyst.com\/wp-content\/uploads\/2023\/05\/ANIMALCRUELTY-EN.svg\" class=\"attachment-medium size-medium\" alt=\"NO ANIMAL CRUELTY\" ids=\"12312,12310,12318,12322,12302,12321,12305,12309\" style=\"none\" lightbox=\"false\" col_spacing=\"collapse\" columns=\"8\" columns__sm=\"8\" columns__md=\"8\" decoding=\"async\" loading=\"lazy\" \/>                                                              <\/div>\n              <div class=\"box-text text-left\" >\n                 <p>NO ANIMAL CRUELTY <\/p>\n              <\/div>\n            <\/div>\n                      <\/div>\n         <\/div><div class=\"gallery-col col\" >\n          <div class=\"col-inner\">\n                        <div class=\"box has-hover gallery-box box-none\">\n              <div class=\"box-image\" >\n                <img width=\"1\" height=\"1\" src=\"https:\/\/nellydevuyst.com\/wp-content\/uploads\/2023\/05\/RECYCLABLE-EN.svg\" class=\"attachment-medium size-medium\" alt=\"RECYCLABLE\" ids=\"12312,12310,12318,12322,12302,12321,12305,12309\" style=\"none\" lightbox=\"false\" col_spacing=\"collapse\" columns=\"8\" columns__sm=\"8\" columns__md=\"8\" decoding=\"async\" loading=\"lazy\" \/>                                                              <\/div>\n              <div class=\"box-text text-left\" >\n                 <p>RECYCLABLE<\/p>\n              <\/div>\n            <\/div>\n                      <\/div>\n         <\/div><div class=\"gallery-col col\" >\n          <div class=\"col-inner\">\n                        <div class=\"box has-hover gallery-box box-none\">\n              <div class=\"box-image\" >\n                <img width=\"1\" height=\"1\" src=\"https:\/\/nellydevuyst.com\/wp-content\/uploads\/2023\/05\/BPF-FR.svg\" class=\"attachment-medium size-medium\" alt=\"CERTIFIE BPF\" ids=\"12312,12310,12318,12322,12302,12321,12305,12309\" style=\"none\" lightbox=\"false\" col_spacing=\"collapse\" columns=\"8\" columns__sm=\"8\" columns__md=\"8\" decoding=\"async\" loading=\"lazy\" \/>                                                              <\/div>\n              <div class=\"box-text text-left\" >\n                 <p>CERTIFIE BPF<\/p>\n              <\/div>\n            <\/div>\n                      <\/div>\n         <\/div><div class=\"gallery-col col\" >\n          <div class=\"col-inner\">\n                        <div class=\"box has-hover gallery-box box-none\">\n              <div class=\"box-image\" >\n                <img width=\"1\" height=\"1\" src=\"https:\/\/nellydevuyst.com\/wp-content\/uploads\/2023\/05\/CANADA-FR.svg\" class=\"attachment-medium size-medium\" alt=\"FABRIQUE AU CANADA\" ids=\"12312,12310,12318,12322,12302,12321,12305,12309\" style=\"none\" lightbox=\"false\" col_spacing=\"collapse\" columns=\"8\" columns__sm=\"8\" columns__md=\"8\" decoding=\"async\" loading=\"lazy\" \/>                                                              <\/div>\n              <div class=\"box-text text-left\" >\n                 <p>FABRIQUE AU CANADA<\/p>\n              <\/div>\n            <\/div>\n                      <\/div>\n         <\/div><\/div>\n\t\t<\/div>\n\t\t\t\t\t<\/div>\n\n\t<\/div>\n","protected":false},"featured_media":13998,"comment_status":"open","ping_status":"closed","template":"","meta":[],"product_brand":[],"product_cat":[209,197],"product_tag":[226,223,224,234,231,220,225,230],"giftcard-category":[],"class_list":{"0":"post-1570","1":"product","2":"type-product","3":"status-publish","4":"has-post-thumbnail","6":"product_cat-acne-rosacee","7":"product_cat-collection-bioacne","8":"product_tag-biologique","9":"product_tag-cosmos-fr","10":"product_tag-ecocert-fr","11":"product_tag-masque","12":"product_tag-paupules-fr","13":"product_tag-peau-acneique","14":"product_tag-peau-grasse","15":"product_tag-pustules","17":"first","18":"instock","19":"taxable","20":"shipping-taxable","21":"purchasable","22":"product-type-simple"},"yoast_head":"<!-- This site is optimized with the Yoast SEO plugin v27.4 - https:\/\/yoast.com\/product\/yoast-seo-wordpress\/ -->\n<title>Masque BioAcne | Nelly De Vuyst\u00ae Skin Care<\/title>\n<meta name=\"description\" content=\"Un masque de visage biologique Nelly De Vuyst id\u00e9al pour les peaux grasses et sujettes \u00e0 l&#039;acn\u00e9. Sa formule douce et non dess\u00e9chante matifie et am\u00e9liore la texture de la peau.\" \/>\n<meta name=\"robots\" content=\"index, follow, max-snippet:-1, max-image-preview:large, max-video-preview:-1\" \/>\n<link rel=\"canonical\" href=\"https:\/\/nellydevuyst.com\/fr\/produit\/masque-bioacne\/\" \/>\n<meta property=\"og:locale\" content=\"fr_FR\" \/>\n<meta property=\"og:type\" content=\"article\" \/>\n<meta property=\"og:title\" content=\"Masque BioAcne | Nelly De Vuyst\u00ae Skin Care\" \/>\n<meta property=\"og:description\" content=\"Un masque de visage biologique Nelly De Vuyst id\u00e9al pour les peaux grasses et sujettes \u00e0 l&#039;acn\u00e9. Sa formule douce et non dess\u00e9chante matifie et am\u00e9liore la texture de la peau.\" \/>\n<meta property=\"og:url\" content=\"https:\/\/nellydevuyst.com\/fr\/produit\/masque-bioacne\/\" \/>\n<meta property=\"og:site_name\" content=\"Nelly De Vuyst\u00ae Skin Care\" \/>\n<meta property=\"article:publisher\" content=\"https:\/\/www.facebook.com\/NellyDeVuystSkincare\/\" \/>\n<meta property=\"article:modified_time\" content=\"2026-04-03T17:18:15+00:00\" \/>\n<meta property=\"og:image\" content=\"https:\/\/nellydevuyst.com\/wp-content\/uploads\/2019\/05\/BioAcne-Mask.jpg\" \/>\n\t<meta property=\"og:image:width\" content=\"1200\" \/>\n\t<meta property=\"og:image:height\" content=\"1200\" \/>\n\t<meta property=\"og:image:type\" content=\"image\/jpeg\" \/>\n<meta name=\"twitter:card\" content=\"summary_large_image\" \/>\n<script type=\"application\/ld+json\" class=\"yoast-schema-graph\">{\"@context\":\"https:\\\/\\\/schema.org\",\"@graph\":[{\"@type\":[\"WebPage\",\"ItemPage\"],\"@id\":\"https:\\\/\\\/nellydevuyst.com\\\/fr\\\/produit\\\/masque-bioacne\\\/\",\"url\":\"https:\\\/\\\/nellydevuyst.com\\\/fr\\\/produit\\\/masque-bioacne\\\/\",\"name\":\"Masque BioAcne | Nelly De Vuyst\u00ae Skin Care\",\"isPartOf\":{\"@id\":\"https:\\\/\\\/nellydevuyst.com\\\/fr\\\/#website\"},\"primaryImageOfPage\":{\"@id\":\"https:\\\/\\\/nellydevuyst.com\\\/fr\\\/produit\\\/masque-bioacne\\\/#primaryimage\"},\"image\":{\"@id\":\"https:\\\/\\\/nellydevuyst.com\\\/fr\\\/produit\\\/masque-bioacne\\\/#primaryimage\"},\"thumbnailUrl\":\"https:\\\/\\\/nellydevuyst.com\\\/wp-content\\\/uploads\\\/2019\\\/05\\\/BioAcne-Mask.jpg\",\"datePublished\":\"2019-05-31T23:18:00+00:00\",\"dateModified\":\"2026-04-03T17:18:15+00:00\",\"description\":\"Un masque de visage biologique Nelly De Vuyst id\u00e9al pour les peaux grasses et sujettes \u00e0 l'acn\u00e9. Sa formule douce et non dess\u00e9chante matifie et am\u00e9liore la texture de la peau.\",\"breadcrumb\":{\"@id\":\"https:\\\/\\\/nellydevuyst.com\\\/fr\\\/produit\\\/masque-bioacne\\\/#breadcrumb\"},\"inLanguage\":\"fr-FR\",\"potentialAction\":[{\"@type\":\"ReadAction\",\"target\":[\"https:\\\/\\\/nellydevuyst.com\\\/fr\\\/produit\\\/masque-bioacne\\\/\"]}]},{\"@type\":\"ImageObject\",\"inLanguage\":\"fr-FR\",\"@id\":\"https:\\\/\\\/nellydevuyst.com\\\/fr\\\/produit\\\/masque-bioacne\\\/#primaryimage\",\"url\":\"https:\\\/\\\/nellydevuyst.com\\\/wp-content\\\/uploads\\\/2019\\\/05\\\/BioAcne-Mask.jpg\",\"contentUrl\":\"https:\\\/\\\/nellydevuyst.com\\\/wp-content\\\/uploads\\\/2019\\\/05\\\/BioAcne-Mask.jpg\",\"width\":1200,\"height\":1200,\"caption\":\"Masque BioAcne\"},{\"@type\":\"BreadcrumbList\",\"@id\":\"https:\\\/\\\/nellydevuyst.com\\\/fr\\\/produit\\\/masque-bioacne\\\/#breadcrumb\",\"itemListElement\":[{\"@type\":\"ListItem\",\"position\":1,\"name\":\"Home\",\"item\":\"https:\\\/\\\/nellydevuyst.com\\\/fr\\\/\"},{\"@type\":\"ListItem\",\"position\":2,\"name\":\"Boutique\",\"item\":\"https:\\\/\\\/nellydevuyst.com\\\/fr\\\/boutique\\\/\"},{\"@type\":\"ListItem\",\"position\":3,\"name\":\"Masque BioAcne\"}]},{\"@type\":\"WebSite\",\"@id\":\"https:\\\/\\\/nellydevuyst.com\\\/fr\\\/#website\",\"url\":\"https:\\\/\\\/nellydevuyst.com\\\/fr\\\/\",\"name\":\"Nelly De Vuyst\u00ae Skin Care\",\"description\":\"The Best of Science and Nature\",\"publisher\":{\"@id\":\"https:\\\/\\\/nellydevuyst.com\\\/fr\\\/#organization\"},\"alternateName\":\"NDV Skin Care\",\"potentialAction\":[{\"@type\":\"SearchAction\",\"target\":{\"@type\":\"EntryPoint\",\"urlTemplate\":\"https:\\\/\\\/nellydevuyst.com\\\/fr\\\/?s={search_term_string}\"},\"query-input\":{\"@type\":\"PropertyValueSpecification\",\"valueRequired\":true,\"valueName\":\"search_term_string\"}}],\"inLanguage\":\"fr-FR\"},{\"@type\":\"Organization\",\"@id\":\"https:\\\/\\\/nellydevuyst.com\\\/fr\\\/#organization\",\"name\":\"Nelly De Vuyst Skin Care\",\"alternateName\":\"NDV Skin Care\",\"url\":\"https:\\\/\\\/nellydevuyst.com\\\/fr\\\/\",\"logo\":{\"@type\":\"ImageObject\",\"inLanguage\":\"fr-FR\",\"@id\":\"https:\\\/\\\/nellydevuyst.com\\\/fr\\\/#\\\/schema\\\/logo\\\/image\\\/\",\"url\":\"https:\\\/\\\/nellydevuyst.com\\\/wp-content\\\/uploads\\\/2024\\\/01\\\/ndv-logo-favico.png\",\"contentUrl\":\"https:\\\/\\\/nellydevuyst.com\\\/wp-content\\\/uploads\\\/2024\\\/01\\\/ndv-logo-favico.png\",\"width\":512,\"height\":512,\"caption\":\"Nelly De Vuyst Skin Care\"},\"image\":{\"@id\":\"https:\\\/\\\/nellydevuyst.com\\\/fr\\\/#\\\/schema\\\/logo\\\/image\\\/\"},\"sameAs\":[\"https:\\\/\\\/www.facebook.com\\\/NellyDeVuystSkincare\\\/\",\"https:\\\/\\\/www.instagram.com\\\/nelly_devuyst\\\/\",\"https:\\\/\\\/www.youtube.com\\\/user\\\/derme8282\",\"https:\\\/\\\/www.tiktok.com\\\/@nellydevuyst\",\"https:\\\/\\\/www.pinterest.com.mx\\\/nellydevuystskincare\\\/\"]}]}<\/script>\n<!-- \/ Yoast SEO plugin. -->","yoast_head_json":{"title":"Masque BioAcne | Nelly De Vuyst\u00ae Skin Care","description":"Un masque de visage biologique Nelly De Vuyst id\u00e9al pour les peaux grasses et sujettes \u00e0 l'acn\u00e9. Sa formule douce et non dess\u00e9chante matifie et am\u00e9liore la texture de la peau.","robots":{"index":"index","follow":"follow","max-snippet":"max-snippet:-1","max-image-preview":"max-image-preview:large","max-video-preview":"max-video-preview:-1"},"canonical":"https:\/\/nellydevuyst.com\/fr\/produit\/masque-bioacne\/","og_locale":"fr_FR","og_type":"article","og_title":"Masque BioAcne | Nelly De Vuyst\u00ae Skin Care","og_description":"Un masque de visage biologique Nelly De Vuyst id\u00e9al pour les peaux grasses et sujettes \u00e0 l'acn\u00e9. Sa formule douce et non dess\u00e9chante matifie et am\u00e9liore la texture de la peau.","og_url":"https:\/\/nellydevuyst.com\/fr\/produit\/masque-bioacne\/","og_site_name":"Nelly De Vuyst\u00ae Skin Care","article_publisher":"https:\/\/www.facebook.com\/NellyDeVuystSkincare\/","article_modified_time":"2026-04-03T17:18:15+00:00","og_image":[{"width":1200,"height":1200,"url":"https:\/\/nellydevuyst.com\/wp-content\/uploads\/2019\/05\/BioAcne-Mask.jpg","type":"image\/jpeg"}],"twitter_card":"summary_large_image","schema":{"@context":"https:\/\/schema.org","@graph":[{"@type":["WebPage","ItemPage"],"@id":"https:\/\/nellydevuyst.com\/fr\/produit\/masque-bioacne\/","url":"https:\/\/nellydevuyst.com\/fr\/produit\/masque-bioacne\/","name":"Masque BioAcne | Nelly De Vuyst\u00ae Skin Care","isPartOf":{"@id":"https:\/\/nellydevuyst.com\/fr\/#website"},"primaryImageOfPage":{"@id":"https:\/\/nellydevuyst.com\/fr\/produit\/masque-bioacne\/#primaryimage"},"image":{"@id":"https:\/\/nellydevuyst.com\/fr\/produit\/masque-bioacne\/#primaryimage"},"thumbnailUrl":"https:\/\/nellydevuyst.com\/wp-content\/uploads\/2019\/05\/BioAcne-Mask.jpg","datePublished":"2019-05-31T23:18:00+00:00","dateModified":"2026-04-03T17:18:15+00:00","description":"Un masque de visage biologique Nelly De Vuyst id\u00e9al pour les peaux grasses et sujettes \u00e0 l'acn\u00e9. Sa formule douce et non dess\u00e9chante matifie et am\u00e9liore la texture de la peau.","breadcrumb":{"@id":"https:\/\/nellydevuyst.com\/fr\/produit\/masque-bioacne\/#breadcrumb"},"inLanguage":"fr-FR","potentialAction":[{"@type":"ReadAction","target":["https:\/\/nellydevuyst.com\/fr\/produit\/masque-bioacne\/"]}]},{"@type":"ImageObject","inLanguage":"fr-FR","@id":"https:\/\/nellydevuyst.com\/fr\/produit\/masque-bioacne\/#primaryimage","url":"https:\/\/nellydevuyst.com\/wp-content\/uploads\/2019\/05\/BioAcne-Mask.jpg","contentUrl":"https:\/\/nellydevuyst.com\/wp-content\/uploads\/2019\/05\/BioAcne-Mask.jpg","width":1200,"height":1200,"caption":"Masque BioAcne"},{"@type":"BreadcrumbList","@id":"https:\/\/nellydevuyst.com\/fr\/produit\/masque-bioacne\/#breadcrumb","itemListElement":[{"@type":"ListItem","position":1,"name":"Home","item":"https:\/\/nellydevuyst.com\/fr\/"},{"@type":"ListItem","position":2,"name":"Boutique","item":"https:\/\/nellydevuyst.com\/fr\/boutique\/"},{"@type":"ListItem","position":3,"name":"Masque BioAcne"}]},{"@type":"WebSite","@id":"https:\/\/nellydevuyst.com\/fr\/#website","url":"https:\/\/nellydevuyst.com\/fr\/","name":"Nelly De Vuyst\u00ae Skin Care","description":"The Best of Science and Nature","publisher":{"@id":"https:\/\/nellydevuyst.com\/fr\/#organization"},"alternateName":"NDV Skin Care","potentialAction":[{"@type":"SearchAction","target":{"@type":"EntryPoint","urlTemplate":"https:\/\/nellydevuyst.com\/fr\/?s={search_term_string}"},"query-input":{"@type":"PropertyValueSpecification","valueRequired":true,"valueName":"search_term_string"}}],"inLanguage":"fr-FR"},{"@type":"Organization","@id":"https:\/\/nellydevuyst.com\/fr\/#organization","name":"Nelly De Vuyst Skin Care","alternateName":"NDV Skin Care","url":"https:\/\/nellydevuyst.com\/fr\/","logo":{"@type":"ImageObject","inLanguage":"fr-FR","@id":"https:\/\/nellydevuyst.com\/fr\/#\/schema\/logo\/image\/","url":"https:\/\/nellydevuyst.com\/wp-content\/uploads\/2024\/01\/ndv-logo-favico.png","contentUrl":"https:\/\/nellydevuyst.com\/wp-content\/uploads\/2024\/01\/ndv-logo-favico.png","width":512,"height":512,"caption":"Nelly De Vuyst Skin Care"},"image":{"@id":"https:\/\/nellydevuyst.com\/fr\/#\/schema\/logo\/image\/"},"sameAs":["https:\/\/www.facebook.com\/NellyDeVuystSkincare\/","https:\/\/www.instagram.com\/nelly_devuyst\/","https:\/\/www.youtube.com\/user\/derme8282","https:\/\/www.tiktok.com\/@nellydevuyst","https:\/\/www.pinterest.com.mx\/nellydevuystskincare\/"]}]}},"_links":{"self":[{"href":"https:\/\/nellydevuyst.com\/fr\/wp-json\/wp\/v2\/product\/1570","targetHints":{"allow":["GET"]}}],"collection":[{"href":"https:\/\/nellydevuyst.com\/fr\/wp-json\/wp\/v2\/product"}],"about":[{"href":"https:\/\/nellydevuyst.com\/fr\/wp-json\/wp\/v2\/types\/product"}],"replies":[{"embeddable":true,"href":"https:\/\/nellydevuyst.com\/fr\/wp-json\/wp\/v2\/comments?post=1570"}],"wp:featuredmedia":[{"embeddable":true,"href":"https:\/\/nellydevuyst.com\/fr\/wp-json\/wp\/v2\/media\/13998"}],"wp:attachment":[{"href":"https:\/\/nellydevuyst.com\/fr\/wp-json\/wp\/v2\/media?parent=1570"}],"wp:term":[{"taxonomy":"product_brand","embeddable":true,"href":"https:\/\/nellydevuyst.com\/fr\/wp-json\/wp\/v2\/product_brand?post=1570"},{"taxonomy":"product_cat","embeddable":true,"href":"https:\/\/nellydevuyst.com\/fr\/wp-json\/wp\/v2\/product_cat?post=1570"},{"taxonomy":"product_tag","embeddable":true,"href":"https:\/\/nellydevuyst.com\/fr\/wp-json\/wp\/v2\/product_tag?post=1570"},{"taxonomy":"giftcard-category","embeddable":true,"href":"https:\/\/nellydevuyst.com\/fr\/wp-json\/wp\/v2\/giftcard-category?post=1570"}],"curies":[{"name":"wp","href":"https:\/\/api.w.org\/{rel}","templated":true}]}}