{"id":1717,"date":"2019-05-31T10:25:04","date_gmt":"2019-05-31T14:25:04","guid":{"rendered":"https:\/\/nellydevuyst.com\/product\/lifting-complex-mask\/"},"modified":"2025-01-31T17:36:40","modified_gmt":"2025-01-31T22:36:40","slug":"masque-lifting-complex","status":"publish","type":"product","link":"https:\/\/nellydevuyst.com\/fr\/produit\/masque-lifting-complex\/","title":{"rendered":"Masque Lifting Complex"},"content":{"rendered":"<h2 class=\"uppercase\">Am\u00e9liorez votre routine de soins avec notre Masque Lifting Complex<\/h2>\n<p>Ce m\u00e9lange harmonieux d&rsquo;ingr\u00e9dients naturels puissants et de technologies de soin avanc\u00e9es est un must \u00e0 ajouter \u00e0 votre routine de soin. Formul\u00e9 pour les personnes qui recherchent \u00e0 la fois l&rsquo;hydratation et les bienfaits anti-\u00e2ge, ce masque est une v\u00e9ritable r\u00e9f\u00e9rence en mati\u00e8re de soins holistiques de la peau. Au-del\u00e0 de ses prouesses en mati\u00e8re d&rsquo;hydratation, il se distingue par ses propri\u00e9t\u00e9s raffermissantes et liftantes, r\u00e9pondant ainsi aux besoins nuanc\u00e9s de la peau vieillissante.<\/p>\n<p>Avec le temps, l&rsquo;\u00e9lasticit\u00e9 naturelle de la peau peut diminuer, entra\u00eenant un rel\u00e2chement visible et une perte de fermet\u00e9. Notre masque s&rsquo;attaque de front \u00e0 ces probl\u00e8mes, en introduisant une approche multidimensionnelle du rajeunissement. Infus\u00e9 d&rsquo;ingr\u00e9dients anti-\u00e2ge r\u00e9put\u00e9s pour leurs propri\u00e9t\u00e9s raffermissantes, il agit avec diligence pour resserrer et lifter, en restaurant les contours et en red\u00e9finissant les traits du visage. Avec une utilisation r\u00e9guli\u00e8re, vous constaterez une am\u00e9lioration notable de l&rsquo;apparence des rides et des ridules, ce qui se traduira par un \u00e9clat plus sculpt\u00e9 et plus jeune.<\/p>\n<p>Conform\u00e9ment \u00e0 notre engagement envers votre peau et l&rsquo;environnement, ce masque anti-\u00e2ge est biod\u00e9gradable, sans alcool, sans silicone, sans parab\u00e8ne, sans PEG, sans gluten, sans OGM, sans perturbateur endocrinien, sans goudron, sans quaternium, sans colorant et n&rsquo;a pas \u00e9t\u00e9 test\u00e9 sur les animaux.<\/p>\n","protected":false},"excerpt":{"rendered":"<p>D\u00e9couvrez le summum de l&rsquo;hydratation avec notre masque anti-\u00e2ge. D\u00e9velopp\u00e9 par des experts pour booster l&rsquo;\u00e9clat de la peau, il r\u00e9v\u00e8le un \u00e9clat de jeunesse tout en combattant les signes de l&rsquo;\u00e2ge gr\u00e2ce \u00e0 ses ingr\u00e9dients raffermissants et liftants. Dites adieu aux rides et ridules et plongez dans un soin de rajeunissement in\u00e9gal\u00e9.<\/p>\n<ul>\n<li class=\"bullet-arrow\"><strong>Texture :<\/strong> Masque facial imbib\u00e9e de s\u00e9rum<\/li>\n<li class=\"bullet-arrow\"><strong>Type de peau :<\/strong> Mature<\/li>\n<li class=\"bullet-arrow\"><strong>Pr\u00e9occupations cutan\u00e9es :<\/strong> Rides, ridules, lignes de d\u00e9shydratation<\/li>\n<li class=\"bullet-arrow\"><strong>Format :<\/strong> 1 feuille visage <em>(Sachet aluminium)<\/em><\/li>\n<\/ul>\n<div class=\"row row-full-width align-equal\"  id=\"row-1223161198\">\n\t<div id=\"col-1554769377\" class=\"col small-12 large-12\"  >\n\t\t\t\t<div class=\"col-inner\"  >\n\t\t\t\n\t\t\t\n\n  \n    <div class=\"row large-columns-8 medium-columns-8 small-columns-8 row-collapse\" >\n  <div class=\"gallery-col col\" >\n          <div class=\"col-inner\">\n                        <div class=\"box has-hover gallery-box box-none\">\n              <div class=\"box-image\" >\n                <img width=\"1\" height=\"1\" src=\"https:\/\/nellydevuyst.com\/wp-content\/uploads\/2023\/05\/VEGAN-EN.svg\" class=\"attachment-medium size-medium\" alt=\"VEGAN\" ids=\"12323,12303,12319,12321,12309\" style=\"none\" lightbox=\"false\" col_spacing=\"collapse\" columns=\"8\" columns__sm=\"8\" columns__md=\"8\" decoding=\"async\" loading=\"lazy\" \/>                                                              <\/div>\n              <div class=\"box-text text-left\" >\n                 <p>VEGAN<\/p>\n              <\/div>\n            <\/div>\n                      <\/div>\n         <\/div><div class=\"gallery-col col\" >\n          <div class=\"col-inner\">\n                        <div class=\"box has-hover gallery-box box-none\">\n              <div class=\"box-image\" >\n                <img width=\"1\" height=\"1\" src=\"https:\/\/nellydevuyst.com\/wp-content\/uploads\/2023\/05\/ANIMALCRUELTY-EN.svg\" class=\"attachment-medium size-medium\" alt=\"NO ANIMAL CRUELTY\" ids=\"12323,12303,12319,12321,12309\" style=\"none\" lightbox=\"false\" col_spacing=\"collapse\" columns=\"8\" columns__sm=\"8\" columns__md=\"8\" decoding=\"async\" loading=\"lazy\" \/>                                                              <\/div>\n              <div class=\"box-text text-left\" >\n                 <p>NO ANIMAL CRUELTY <\/p>\n              <\/div>\n            <\/div>\n                      <\/div>\n         <\/div><div class=\"gallery-col col\" >\n          <div class=\"col-inner\">\n                        <div class=\"box has-hover gallery-box box-none\">\n              <div class=\"box-image\" >\n                <img width=\"1\" height=\"1\" src=\"https:\/\/nellydevuyst.com\/wp-content\/uploads\/2023\/05\/OGM-FR.svg\" class=\"attachment-medium size-medium\" alt=\"GLUTEN OGM\" ids=\"12323,12303,12319,12321,12309\" style=\"none\" lightbox=\"false\" col_spacing=\"collapse\" columns=\"8\" columns__sm=\"8\" columns__md=\"8\" decoding=\"async\" loading=\"lazy\" \/>                                                              <\/div>\n              <div class=\"box-text text-left\" >\n                 <p>GLUTEN OGM<\/p>\n              <\/div>\n            <\/div>\n                      <\/div>\n         <\/div><div class=\"gallery-col col\" >\n          <div class=\"col-inner\">\n                        <div class=\"box has-hover gallery-box box-none\">\n              <div class=\"box-image\" >\n                <img width=\"1\" height=\"1\" src=\"https:\/\/nellydevuyst.com\/wp-content\/uploads\/2023\/05\/RECYCLABLE-EN.svg\" class=\"attachment-medium size-medium\" alt=\"RECYCLABLE\" ids=\"12323,12303,12319,12321,12309\" style=\"none\" lightbox=\"false\" col_spacing=\"collapse\" columns=\"8\" columns__sm=\"8\" columns__md=\"8\" decoding=\"async\" loading=\"lazy\" \/>                                                              <\/div>\n              <div class=\"box-text text-left\" >\n                 <p>RECYCLABLE<\/p>\n              <\/div>\n            <\/div>\n                      <\/div>\n         <\/div><div class=\"gallery-col col\" >\n          <div class=\"col-inner\">\n                        <div class=\"box has-hover gallery-box box-none\">\n              <div class=\"box-image\" >\n                <img width=\"1\" height=\"1\" src=\"https:\/\/nellydevuyst.com\/wp-content\/uploads\/2023\/05\/CANADA-FR.svg\" class=\"attachment-medium size-medium\" alt=\"FABRIQUE AU CANADA\" ids=\"12323,12303,12319,12321,12309\" style=\"none\" lightbox=\"false\" col_spacing=\"collapse\" columns=\"8\" columns__sm=\"8\" columns__md=\"8\" decoding=\"async\" loading=\"lazy\" \/>                                                              <\/div>\n              <div class=\"box-text text-left\" >\n                 <p>FABRIQUE AU CANADA<\/p>\n              <\/div>\n            <\/div>\n                      <\/div>\n         <\/div><\/div>\n\t\t<\/div>\n\t\t\t\t\t<\/div>\n\n\t<\/div>\n","protected":false},"featured_media":14319,"comment_status":"open","ping_status":"closed","template":"","meta":[],"product_brand":[],"product_cat":[518,191,207],"product_tag":[234,250,251,249],"giftcard-category":[],"class_list":{"0":"post-1717","1":"product","2":"type-product","3":"status-publish","4":"has-post-thumbnail","6":"product_cat-collection-lifting-complex","7":"product_cat-masques","8":"product_cat-peau-mature-exces-peau","9":"product_tag-masque","10":"product_tag-peau-relachee","11":"product_tag-peau-ridee","12":"product_tag-relachee","14":"first","15":"instock","16":"taxable","17":"shipping-taxable","18":"purchasable","19":"product-type-simple"},"yoast_head":"<!-- This site is optimized with the Yoast SEO plugin v27.4 - https:\/\/yoast.com\/product\/yoast-seo-wordpress\/ -->\n<title>Masque Lifting Complex | Nelly De Vuyst\u00ae Skin Care<\/title>\n<meta name=\"description\" content=\"Ce masque raffermissant anti-\u00e2ge transforme l&#039;hydratation et d\u00e9voile une peau radieuse. Ce coup de rajeunissement r\u00e9v\u00e8le un \u00e9clat de jeunesse sans rides.\" \/>\n<meta name=\"robots\" content=\"index, follow, max-snippet:-1, max-image-preview:large, max-video-preview:-1\" \/>\n<link rel=\"canonical\" href=\"https:\/\/nellydevuyst.com\/fr\/produit\/masque-lifting-complex\/\" \/>\n<meta property=\"og:locale\" content=\"fr_FR\" \/>\n<meta property=\"og:type\" content=\"article\" \/>\n<meta property=\"og:title\" content=\"Masque Lifting Complex | Nelly De Vuyst\u00ae Skin Care\" \/>\n<meta property=\"og:description\" content=\"Ce masque raffermissant anti-\u00e2ge transforme l&#039;hydratation et d\u00e9voile une peau radieuse. Ce coup de rajeunissement r\u00e9v\u00e8le un \u00e9clat de jeunesse sans rides.\" \/>\n<meta property=\"og:url\" content=\"https:\/\/nellydevuyst.com\/fr\/produit\/masque-lifting-complex\/\" \/>\n<meta property=\"og:site_name\" content=\"Nelly De Vuyst\u00ae Skin Care\" \/>\n<meta property=\"article:publisher\" content=\"https:\/\/www.facebook.com\/NellyDeVuystSkincare\/\" \/>\n<meta property=\"article:modified_time\" content=\"2025-01-31T22:36:40+00:00\" \/>\n<meta property=\"og:image\" content=\"https:\/\/nellydevuyst.com\/wp-content\/uploads\/2019\/05\/Lifting-Complex-Mask.jpg\" \/>\n\t<meta property=\"og:image:width\" content=\"1200\" \/>\n\t<meta property=\"og:image:height\" content=\"1200\" \/>\n\t<meta property=\"og:image:type\" content=\"image\/jpeg\" \/>\n<meta name=\"twitter:card\" content=\"summary_large_image\" \/>\n<script type=\"application\/ld+json\" class=\"yoast-schema-graph\">{\"@context\":\"https:\\\/\\\/schema.org\",\"@graph\":[{\"@type\":[\"WebPage\",\"ItemPage\"],\"@id\":\"https:\\\/\\\/nellydevuyst.com\\\/fr\\\/produit\\\/masque-lifting-complex\\\/\",\"url\":\"https:\\\/\\\/nellydevuyst.com\\\/fr\\\/produit\\\/masque-lifting-complex\\\/\",\"name\":\"Masque Lifting Complex | Nelly De Vuyst\u00ae Skin Care\",\"isPartOf\":{\"@id\":\"https:\\\/\\\/nellydevuyst.com\\\/fr\\\/#website\"},\"primaryImageOfPage\":{\"@id\":\"https:\\\/\\\/nellydevuyst.com\\\/fr\\\/produit\\\/masque-lifting-complex\\\/#primaryimage\"},\"image\":{\"@id\":\"https:\\\/\\\/nellydevuyst.com\\\/fr\\\/produit\\\/masque-lifting-complex\\\/#primaryimage\"},\"thumbnailUrl\":\"https:\\\/\\\/nellydevuyst.com\\\/wp-content\\\/uploads\\\/2019\\\/05\\\/Lifting-Complex-Mask.jpg\",\"datePublished\":\"2019-05-31T14:25:04+00:00\",\"dateModified\":\"2025-01-31T22:36:40+00:00\",\"description\":\"Ce masque raffermissant anti-\u00e2ge transforme l'hydratation et d\u00e9voile une peau radieuse. Ce coup de rajeunissement r\u00e9v\u00e8le un \u00e9clat de jeunesse sans rides.\",\"breadcrumb\":{\"@id\":\"https:\\\/\\\/nellydevuyst.com\\\/fr\\\/produit\\\/masque-lifting-complex\\\/#breadcrumb\"},\"inLanguage\":\"fr-FR\",\"potentialAction\":[{\"@type\":\"ReadAction\",\"target\":[\"https:\\\/\\\/nellydevuyst.com\\\/fr\\\/produit\\\/masque-lifting-complex\\\/\"]}]},{\"@type\":\"ImageObject\",\"inLanguage\":\"fr-FR\",\"@id\":\"https:\\\/\\\/nellydevuyst.com\\\/fr\\\/produit\\\/masque-lifting-complex\\\/#primaryimage\",\"url\":\"https:\\\/\\\/nellydevuyst.com\\\/wp-content\\\/uploads\\\/2019\\\/05\\\/Lifting-Complex-Mask.jpg\",\"contentUrl\":\"https:\\\/\\\/nellydevuyst.com\\\/wp-content\\\/uploads\\\/2019\\\/05\\\/Lifting-Complex-Mask.jpg\",\"width\":1200,\"height\":1200,\"caption\":\"Masque Lifting Complex\"},{\"@type\":\"BreadcrumbList\",\"@id\":\"https:\\\/\\\/nellydevuyst.com\\\/fr\\\/produit\\\/masque-lifting-complex\\\/#breadcrumb\",\"itemListElement\":[{\"@type\":\"ListItem\",\"position\":1,\"name\":\"Home\",\"item\":\"https:\\\/\\\/nellydevuyst.com\\\/fr\\\/\"},{\"@type\":\"ListItem\",\"position\":2,\"name\":\"Boutique\",\"item\":\"https:\\\/\\\/nellydevuyst.com\\\/fr\\\/boutique\\\/\"},{\"@type\":\"ListItem\",\"position\":3,\"name\":\"Masque Lifting Complex\"}]},{\"@type\":\"WebSite\",\"@id\":\"https:\\\/\\\/nellydevuyst.com\\\/fr\\\/#website\",\"url\":\"https:\\\/\\\/nellydevuyst.com\\\/fr\\\/\",\"name\":\"Nelly De Vuyst\u00ae Skin Care\",\"description\":\"The Best of Science and Nature\",\"publisher\":{\"@id\":\"https:\\\/\\\/nellydevuyst.com\\\/fr\\\/#organization\"},\"alternateName\":\"NDV Skin Care\",\"potentialAction\":[{\"@type\":\"SearchAction\",\"target\":{\"@type\":\"EntryPoint\",\"urlTemplate\":\"https:\\\/\\\/nellydevuyst.com\\\/fr\\\/?s={search_term_string}\"},\"query-input\":{\"@type\":\"PropertyValueSpecification\",\"valueRequired\":true,\"valueName\":\"search_term_string\"}}],\"inLanguage\":\"fr-FR\"},{\"@type\":\"Organization\",\"@id\":\"https:\\\/\\\/nellydevuyst.com\\\/fr\\\/#organization\",\"name\":\"Nelly De Vuyst Skin Care\",\"alternateName\":\"NDV Skin Care\",\"url\":\"https:\\\/\\\/nellydevuyst.com\\\/fr\\\/\",\"logo\":{\"@type\":\"ImageObject\",\"inLanguage\":\"fr-FR\",\"@id\":\"https:\\\/\\\/nellydevuyst.com\\\/fr\\\/#\\\/schema\\\/logo\\\/image\\\/\",\"url\":\"https:\\\/\\\/nellydevuyst.com\\\/wp-content\\\/uploads\\\/2024\\\/01\\\/ndv-logo-favico.png\",\"contentUrl\":\"https:\\\/\\\/nellydevuyst.com\\\/wp-content\\\/uploads\\\/2024\\\/01\\\/ndv-logo-favico.png\",\"width\":512,\"height\":512,\"caption\":\"Nelly De Vuyst Skin Care\"},\"image\":{\"@id\":\"https:\\\/\\\/nellydevuyst.com\\\/fr\\\/#\\\/schema\\\/logo\\\/image\\\/\"},\"sameAs\":[\"https:\\\/\\\/www.facebook.com\\\/NellyDeVuystSkincare\\\/\",\"https:\\\/\\\/www.instagram.com\\\/nelly_devuyst\\\/\",\"https:\\\/\\\/www.youtube.com\\\/user\\\/derme8282\",\"https:\\\/\\\/www.tiktok.com\\\/@nellydevuyst\",\"https:\\\/\\\/www.pinterest.com.mx\\\/nellydevuystskincare\\\/\"]}]}<\/script>\n<!-- \/ Yoast SEO plugin. -->","yoast_head_json":{"title":"Masque Lifting Complex | Nelly De Vuyst\u00ae Skin Care","description":"Ce masque raffermissant anti-\u00e2ge transforme l'hydratation et d\u00e9voile une peau radieuse. Ce coup de rajeunissement r\u00e9v\u00e8le un \u00e9clat de jeunesse sans rides.","robots":{"index":"index","follow":"follow","max-snippet":"max-snippet:-1","max-image-preview":"max-image-preview:large","max-video-preview":"max-video-preview:-1"},"canonical":"https:\/\/nellydevuyst.com\/fr\/produit\/masque-lifting-complex\/","og_locale":"fr_FR","og_type":"article","og_title":"Masque Lifting Complex | Nelly De Vuyst\u00ae Skin Care","og_description":"Ce masque raffermissant anti-\u00e2ge transforme l'hydratation et d\u00e9voile une peau radieuse. Ce coup de rajeunissement r\u00e9v\u00e8le un \u00e9clat de jeunesse sans rides.","og_url":"https:\/\/nellydevuyst.com\/fr\/produit\/masque-lifting-complex\/","og_site_name":"Nelly De Vuyst\u00ae Skin Care","article_publisher":"https:\/\/www.facebook.com\/NellyDeVuystSkincare\/","article_modified_time":"2025-01-31T22:36:40+00:00","og_image":[{"width":1200,"height":1200,"url":"https:\/\/nellydevuyst.com\/wp-content\/uploads\/2019\/05\/Lifting-Complex-Mask.jpg","type":"image\/jpeg"}],"twitter_card":"summary_large_image","schema":{"@context":"https:\/\/schema.org","@graph":[{"@type":["WebPage","ItemPage"],"@id":"https:\/\/nellydevuyst.com\/fr\/produit\/masque-lifting-complex\/","url":"https:\/\/nellydevuyst.com\/fr\/produit\/masque-lifting-complex\/","name":"Masque Lifting Complex | Nelly De Vuyst\u00ae Skin Care","isPartOf":{"@id":"https:\/\/nellydevuyst.com\/fr\/#website"},"primaryImageOfPage":{"@id":"https:\/\/nellydevuyst.com\/fr\/produit\/masque-lifting-complex\/#primaryimage"},"image":{"@id":"https:\/\/nellydevuyst.com\/fr\/produit\/masque-lifting-complex\/#primaryimage"},"thumbnailUrl":"https:\/\/nellydevuyst.com\/wp-content\/uploads\/2019\/05\/Lifting-Complex-Mask.jpg","datePublished":"2019-05-31T14:25:04+00:00","dateModified":"2025-01-31T22:36:40+00:00","description":"Ce masque raffermissant anti-\u00e2ge transforme l'hydratation et d\u00e9voile une peau radieuse. Ce coup de rajeunissement r\u00e9v\u00e8le un \u00e9clat de jeunesse sans rides.","breadcrumb":{"@id":"https:\/\/nellydevuyst.com\/fr\/produit\/masque-lifting-complex\/#breadcrumb"},"inLanguage":"fr-FR","potentialAction":[{"@type":"ReadAction","target":["https:\/\/nellydevuyst.com\/fr\/produit\/masque-lifting-complex\/"]}]},{"@type":"ImageObject","inLanguage":"fr-FR","@id":"https:\/\/nellydevuyst.com\/fr\/produit\/masque-lifting-complex\/#primaryimage","url":"https:\/\/nellydevuyst.com\/wp-content\/uploads\/2019\/05\/Lifting-Complex-Mask.jpg","contentUrl":"https:\/\/nellydevuyst.com\/wp-content\/uploads\/2019\/05\/Lifting-Complex-Mask.jpg","width":1200,"height":1200,"caption":"Masque Lifting Complex"},{"@type":"BreadcrumbList","@id":"https:\/\/nellydevuyst.com\/fr\/produit\/masque-lifting-complex\/#breadcrumb","itemListElement":[{"@type":"ListItem","position":1,"name":"Home","item":"https:\/\/nellydevuyst.com\/fr\/"},{"@type":"ListItem","position":2,"name":"Boutique","item":"https:\/\/nellydevuyst.com\/fr\/boutique\/"},{"@type":"ListItem","position":3,"name":"Masque Lifting Complex"}]},{"@type":"WebSite","@id":"https:\/\/nellydevuyst.com\/fr\/#website","url":"https:\/\/nellydevuyst.com\/fr\/","name":"Nelly De Vuyst\u00ae Skin Care","description":"The Best of Science and Nature","publisher":{"@id":"https:\/\/nellydevuyst.com\/fr\/#organization"},"alternateName":"NDV Skin Care","potentialAction":[{"@type":"SearchAction","target":{"@type":"EntryPoint","urlTemplate":"https:\/\/nellydevuyst.com\/fr\/?s={search_term_string}"},"query-input":{"@type":"PropertyValueSpecification","valueRequired":true,"valueName":"search_term_string"}}],"inLanguage":"fr-FR"},{"@type":"Organization","@id":"https:\/\/nellydevuyst.com\/fr\/#organization","name":"Nelly De Vuyst Skin Care","alternateName":"NDV Skin Care","url":"https:\/\/nellydevuyst.com\/fr\/","logo":{"@type":"ImageObject","inLanguage":"fr-FR","@id":"https:\/\/nellydevuyst.com\/fr\/#\/schema\/logo\/image\/","url":"https:\/\/nellydevuyst.com\/wp-content\/uploads\/2024\/01\/ndv-logo-favico.png","contentUrl":"https:\/\/nellydevuyst.com\/wp-content\/uploads\/2024\/01\/ndv-logo-favico.png","width":512,"height":512,"caption":"Nelly De Vuyst Skin Care"},"image":{"@id":"https:\/\/nellydevuyst.com\/fr\/#\/schema\/logo\/image\/"},"sameAs":["https:\/\/www.facebook.com\/NellyDeVuystSkincare\/","https:\/\/www.instagram.com\/nelly_devuyst\/","https:\/\/www.youtube.com\/user\/derme8282","https:\/\/www.tiktok.com\/@nellydevuyst","https:\/\/www.pinterest.com.mx\/nellydevuystskincare\/"]}]}},"_links":{"self":[{"href":"https:\/\/nellydevuyst.com\/fr\/wp-json\/wp\/v2\/product\/1717","targetHints":{"allow":["GET"]}}],"collection":[{"href":"https:\/\/nellydevuyst.com\/fr\/wp-json\/wp\/v2\/product"}],"about":[{"href":"https:\/\/nellydevuyst.com\/fr\/wp-json\/wp\/v2\/types\/product"}],"replies":[{"embeddable":true,"href":"https:\/\/nellydevuyst.com\/fr\/wp-json\/wp\/v2\/comments?post=1717"}],"wp:featuredmedia":[{"embeddable":true,"href":"https:\/\/nellydevuyst.com\/fr\/wp-json\/wp\/v2\/media\/14319"}],"wp:attachment":[{"href":"https:\/\/nellydevuyst.com\/fr\/wp-json\/wp\/v2\/media?parent=1717"}],"wp:term":[{"taxonomy":"product_brand","embeddable":true,"href":"https:\/\/nellydevuyst.com\/fr\/wp-json\/wp\/v2\/product_brand?post=1717"},{"taxonomy":"product_cat","embeddable":true,"href":"https:\/\/nellydevuyst.com\/fr\/wp-json\/wp\/v2\/product_cat?post=1717"},{"taxonomy":"product_tag","embeddable":true,"href":"https:\/\/nellydevuyst.com\/fr\/wp-json\/wp\/v2\/product_tag?post=1717"},{"taxonomy":"giftcard-category","embeddable":true,"href":"https:\/\/nellydevuyst.com\/fr\/wp-json\/wp\/v2\/giftcard-category?post=1717"}],"curies":[{"name":"wp","href":"https:\/\/api.w.org\/{rel}","templated":true}]}}