{"id":1784,"date":"2013-06-07T11:33:05","date_gmt":"2013-06-07T15:33:05","guid":{"rendered":"https:\/\/nellydevuyst.com\/product\/sensitive-skin-cream\/"},"modified":"2026-03-08T12:05:26","modified_gmt":"2026-03-08T16:05:26","slug":"creme-peaux-sensibles-biocalm","status":"publish","type":"product","link":"https:\/\/nellydevuyst.com\/fr\/produit\/creme-peaux-sensibles-biocalm\/","title":{"rendered":"Cr\u00e8me Peaux Sensibles BioCalm"},"content":{"rendered":"<h2 class=\"uppercase\">Red\u00e9couvrez le plaisir d&rsquo;une peau confortable<\/h2>\n<p>\u00c9levez votre routine de soins avec notre cr\u00e8me nourrissante, m\u00e9ticuleusement formul\u00e9e pour les peaux sensibles sujettes \u00e0 la s\u00e9cheresse et \u00e0 l&rsquo;ecz\u00e9ma. Cliniquement prouv\u00e9e, cette puissance d&rsquo;hydratation offre un soulagement in\u00e9gal\u00e9, r\u00e9pondant aux besoins uniques des peaux d\u00e9licates et s\u00e8ches.<\/p>\n<p>Plongez dans le luxe d&rsquo;un soin doux qui va au-del\u00e0 des cr\u00e8mes conventionnelles. Notre formule non-irritante est un t\u00e9moignage d&rsquo;efficacit\u00e9 et de s\u00e9curit\u00e9, offrant une touche douce qui a un impact significatif sur la s\u00e9cheresse et les sympt\u00f4mes de l&rsquo;ecz\u00e9ma.<\/p>\n<p>Enrichie d&rsquo;extraits de plantes soigneusement s\u00e9lectionn\u00e9s pour leurs propri\u00e9t\u00e9s hydratantes et nourrissantes, notre cr\u00e8me devient une oasis pour votre peau. Dites adieu aux inconforts de la s\u00e9cheresse et de l&rsquo;ecz\u00e9ma et bonjour \u00e0 une peau plus saine et plus \u00e9clatante.<\/p>\n<p>Conform\u00e9ment \u00e0 notre engagement envers votre peau et l&rsquo;environnement, cette cr\u00e8me apaisante et calmante est biod\u00e9gradable, sans alcool, sans silicone, sans parab\u00e8nes, sans PEG, sans gluten, sans OGM, sans perturbateurs endocriniens, sans goudron, sans quaternium, sans colorant et non test\u00e9e sur les animaux.<\/p>\n","protected":false},"excerpt":{"rendered":"<p>Plongez dans une hydratation ultime avec notre cr\u00e8me nourrissante et apaisante pour les peaux sensibles et hypersensibles. Sp\u00e9cialement formul\u00e9e pour combattre la s\u00e9cheresse et aider les peaux sujettes \u00e0 l&rsquo;ecz\u00e9ma, notre soin doux offre un soulagement. Transformez votre routine de soins de la peau avec une hydratation test\u00e9e cliniquement, pour un teint visiblement plus sain et plus \u00e9clatant.<\/p>\n<ul>\n<li class=\"bullet-arrow\"><strong>Texture :<\/strong> Riche, cr\u00e9meuse<\/li>\n<li class=\"bullet-arrow\"><strong>Type de peau :<\/strong> Peau sensibe<\/li>\n<li class=\"bullet-arrow\"><strong>Pr\u00e9occupation de la peau :<\/strong> Rougeurs, inflammation, irritation, ecz\u00e9ma, stades pr\u00e9coces de la rosac\u00e9e<\/li>\n<li class=\"bullet-arrow\"><strong>Format :<\/strong> 1.76 oz. &#8211; 50 g <em>(Pompe sans air)<\/em><\/li>\n<\/ul>\n<div class=\"row row-full-width align-equal\"  id=\"row-14275753\">\n\t<div id=\"col-842508280\" class=\"col small-12 large-12\"  >\n\t\t\t\t<div class=\"col-inner\"  >\n\t\t\t\n\t\t\t\n\n  \n    <div class=\"row large-columns-8 medium-columns-8 small-columns-8 row-collapse\" >\n  <div class=\"gallery-col col\" >\n          <div class=\"col-inner\">\n                        <div class=\"box has-hover gallery-box box-none\">\n              <div class=\"box-image\" >\n                <img width=\"1\" height=\"1\" src=\"https:\/\/nellydevuyst.com\/wp-content\/uploads\/2023\/05\/VEGAN-EN.svg\" class=\"attachment-medium size-medium\" alt=\"VEGAN\" ids=\"12323,12303,12319,12321,12309\" style=\"none\" lightbox=\"false\" col_spacing=\"collapse\" columns=\"8\" columns__sm=\"8\" columns__md=\"8\" decoding=\"async\" loading=\"lazy\" \/>                                                              <\/div>\n              <div class=\"box-text text-left\" >\n                 <p>VEGAN<\/p>\n              <\/div>\n            <\/div>\n                      <\/div>\n         <\/div><div class=\"gallery-col col\" >\n          <div class=\"col-inner\">\n                        <div class=\"box has-hover gallery-box box-none\">\n              <div class=\"box-image\" >\n                <img width=\"1\" height=\"1\" src=\"https:\/\/nellydevuyst.com\/wp-content\/uploads\/2023\/05\/ANIMALCRUELTY-EN.svg\" class=\"attachment-medium size-medium\" alt=\"NO ANIMAL CRUELTY\" ids=\"12323,12303,12319,12321,12309\" style=\"none\" lightbox=\"false\" col_spacing=\"collapse\" columns=\"8\" columns__sm=\"8\" columns__md=\"8\" decoding=\"async\" loading=\"lazy\" \/>                                                              <\/div>\n              <div class=\"box-text text-left\" >\n                 <p>NO ANIMAL CRUELTY <\/p>\n              <\/div>\n            <\/div>\n                      <\/div>\n         <\/div><div class=\"gallery-col col\" >\n          <div class=\"col-inner\">\n                        <div class=\"box has-hover gallery-box box-none\">\n              <div class=\"box-image\" >\n                <img width=\"1\" height=\"1\" src=\"https:\/\/nellydevuyst.com\/wp-content\/uploads\/2023\/05\/OGM-FR.svg\" class=\"attachment-medium size-medium\" alt=\"GLUTEN OGM\" ids=\"12323,12303,12319,12321,12309\" style=\"none\" lightbox=\"false\" col_spacing=\"collapse\" columns=\"8\" columns__sm=\"8\" columns__md=\"8\" decoding=\"async\" loading=\"lazy\" \/>                                                              <\/div>\n              <div class=\"box-text text-left\" >\n                 <p>GLUTEN OGM<\/p>\n              <\/div>\n            <\/div>\n                      <\/div>\n         <\/div><div class=\"gallery-col col\" >\n          <div class=\"col-inner\">\n                        <div class=\"box has-hover gallery-box box-none\">\n              <div class=\"box-image\" >\n                <img width=\"1\" height=\"1\" src=\"https:\/\/nellydevuyst.com\/wp-content\/uploads\/2023\/05\/RECYCLABLE-EN.svg\" class=\"attachment-medium size-medium\" alt=\"RECYCLABLE\" ids=\"12323,12303,12319,12321,12309\" style=\"none\" lightbox=\"false\" col_spacing=\"collapse\" columns=\"8\" columns__sm=\"8\" columns__md=\"8\" decoding=\"async\" loading=\"lazy\" \/>                                                              <\/div>\n              <div class=\"box-text text-left\" >\n                 <p>RECYCLABLE<\/p>\n              <\/div>\n            <\/div>\n                      <\/div>\n         <\/div><div class=\"gallery-col col\" >\n          <div class=\"col-inner\">\n                        <div class=\"box has-hover gallery-box box-none\">\n              <div class=\"box-image\" >\n                <img width=\"1\" height=\"1\" src=\"https:\/\/nellydevuyst.com\/wp-content\/uploads\/2023\/05\/CANADA-FR.svg\" class=\"attachment-medium size-medium\" alt=\"FABRIQUE AU CANADA\" ids=\"12323,12303,12319,12321,12309\" style=\"none\" lightbox=\"false\" col_spacing=\"collapse\" columns=\"8\" columns__sm=\"8\" columns__md=\"8\" decoding=\"async\" loading=\"lazy\" \/>                                                              <\/div>\n              <div class=\"box-text text-left\" >\n                 <p>FABRIQUE AU CANADA<\/p>\n              <\/div>\n            <\/div>\n                      <\/div>\n         <\/div><\/div>\n\t\t<\/div>\n\t\t\t\t\t<\/div>\n\n\t<\/div>\n","protected":false},"featured_media":14145,"comment_status":"open","ping_status":"closed","template":"","meta":[],"product_brand":[],"product_cat":[499,190,202],"product_tag":[237,271,252,241,240],"giftcard-category":[],"class_list":{"0":"post-1784","1":"product","2":"type-product","3":"status-publish","4":"has-post-thumbnail","6":"product_cat-collection-biocalm","7":"product_cat-cremes-traitantes","8":"product_cat-peau-sensible-rosacee","9":"product_tag-creme-traitante","10":"product_tag-dommages-lies-au-soleil","11":"product_tag-hydratants","12":"product_tag-peau-sensible","13":"product_tag-rosacee","15":"first","16":"instock","17":"taxable","18":"shipping-taxable","19":"purchasable","20":"product-type-simple"},"yoast_head":"<!-- This site is optimized with the Yoast SEO plugin v27.4 - https:\/\/yoast.com\/product\/yoast-seo-wordpress\/ -->\n<title>Cr\u00e8me Peaux Sensibles BioCalm | Nelly De Vuyst\u00ae Skin Care<\/title>\n<meta name=\"description\" content=\"Dites adieu \u00e0 la peau s\u00e8che et \u00e0 l&#039;irritation de la peau gr\u00e2ce \u00e0 notre cr\u00e8me nourrissante et calmante pour les peaux sensibles et hypersensibles, m\u00eame celles sujettes \u00e0 l&#039;ecz\u00e9ma.\" \/>\n<meta name=\"robots\" content=\"index, follow, max-snippet:-1, max-image-preview:large, max-video-preview:-1\" \/>\n<link rel=\"canonical\" href=\"https:\/\/nellydevuyst.com\/fr\/produit\/creme-peaux-sensibles-biocalm\/\" \/>\n<meta property=\"og:locale\" content=\"fr_FR\" \/>\n<meta property=\"og:type\" content=\"article\" \/>\n<meta property=\"og:title\" content=\"Cr\u00e8me Peaux Sensibles BioCalm | Nelly De Vuyst\u00ae Skin Care\" \/>\n<meta property=\"og:description\" content=\"Dites adieu \u00e0 la peau s\u00e8che et \u00e0 l&#039;irritation de la peau gr\u00e2ce \u00e0 notre cr\u00e8me nourrissante et calmante pour les peaux sensibles et hypersensibles, m\u00eame celles sujettes \u00e0 l&#039;ecz\u00e9ma.\" \/>\n<meta property=\"og:url\" content=\"https:\/\/nellydevuyst.com\/fr\/produit\/creme-peaux-sensibles-biocalm\/\" \/>\n<meta property=\"og:site_name\" content=\"Nelly De Vuyst\u00ae Skin Care\" \/>\n<meta property=\"article:publisher\" content=\"https:\/\/www.facebook.com\/NellyDeVuystSkincare\/\" \/>\n<meta property=\"article:modified_time\" content=\"2026-03-08T16:05:26+00:00\" \/>\n<meta property=\"og:image\" content=\"https:\/\/nellydevuyst.com\/wp-content\/uploads\/2013\/06\/BioCalm-Sensitive-Skin-Cream.jpg\" \/>\n\t<meta property=\"og:image:width\" content=\"1200\" \/>\n\t<meta property=\"og:image:height\" content=\"1200\" \/>\n\t<meta property=\"og:image:type\" content=\"image\/jpeg\" \/>\n<meta name=\"twitter:card\" content=\"summary_large_image\" \/>\n<script type=\"application\/ld+json\" class=\"yoast-schema-graph\">{\"@context\":\"https:\\\/\\\/schema.org\",\"@graph\":[{\"@type\":[\"WebPage\",\"ItemPage\"],\"@id\":\"https:\\\/\\\/nellydevuyst.com\\\/fr\\\/produit\\\/creme-peaux-sensibles-biocalm\\\/\",\"url\":\"https:\\\/\\\/nellydevuyst.com\\\/fr\\\/produit\\\/creme-peaux-sensibles-biocalm\\\/\",\"name\":\"Cr\u00e8me Peaux Sensibles BioCalm | Nelly De Vuyst\u00ae Skin Care\",\"isPartOf\":{\"@id\":\"https:\\\/\\\/nellydevuyst.com\\\/fr\\\/#website\"},\"primaryImageOfPage\":{\"@id\":\"https:\\\/\\\/nellydevuyst.com\\\/fr\\\/produit\\\/creme-peaux-sensibles-biocalm\\\/#primaryimage\"},\"image\":{\"@id\":\"https:\\\/\\\/nellydevuyst.com\\\/fr\\\/produit\\\/creme-peaux-sensibles-biocalm\\\/#primaryimage\"},\"thumbnailUrl\":\"https:\\\/\\\/nellydevuyst.com\\\/wp-content\\\/uploads\\\/2013\\\/06\\\/BioCalm-Sensitive-Skin-Cream.jpg\",\"datePublished\":\"2013-06-07T15:33:05+00:00\",\"dateModified\":\"2026-03-08T16:05:26+00:00\",\"description\":\"Dites adieu \u00e0 la peau s\u00e8che et \u00e0 l'irritation de la peau gr\u00e2ce \u00e0 notre cr\u00e8me nourrissante et calmante pour les peaux sensibles et hypersensibles, m\u00eame celles sujettes \u00e0 l'ecz\u00e9ma.\",\"breadcrumb\":{\"@id\":\"https:\\\/\\\/nellydevuyst.com\\\/fr\\\/produit\\\/creme-peaux-sensibles-biocalm\\\/#breadcrumb\"},\"inLanguage\":\"fr-FR\",\"potentialAction\":[{\"@type\":\"ReadAction\",\"target\":[\"https:\\\/\\\/nellydevuyst.com\\\/fr\\\/produit\\\/creme-peaux-sensibles-biocalm\\\/\"]}]},{\"@type\":\"ImageObject\",\"inLanguage\":\"fr-FR\",\"@id\":\"https:\\\/\\\/nellydevuyst.com\\\/fr\\\/produit\\\/creme-peaux-sensibles-biocalm\\\/#primaryimage\",\"url\":\"https:\\\/\\\/nellydevuyst.com\\\/wp-content\\\/uploads\\\/2013\\\/06\\\/BioCalm-Sensitive-Skin-Cream.jpg\",\"contentUrl\":\"https:\\\/\\\/nellydevuyst.com\\\/wp-content\\\/uploads\\\/2013\\\/06\\\/BioCalm-Sensitive-Skin-Cream.jpg\",\"width\":1200,\"height\":1200,\"caption\":\"Cr\u00e8me Peaux Sensibles BioCalm\"},{\"@type\":\"BreadcrumbList\",\"@id\":\"https:\\\/\\\/nellydevuyst.com\\\/fr\\\/produit\\\/creme-peaux-sensibles-biocalm\\\/#breadcrumb\",\"itemListElement\":[{\"@type\":\"ListItem\",\"position\":1,\"name\":\"Home\",\"item\":\"https:\\\/\\\/nellydevuyst.com\\\/fr\\\/\"},{\"@type\":\"ListItem\",\"position\":2,\"name\":\"Boutique\",\"item\":\"https:\\\/\\\/nellydevuyst.com\\\/fr\\\/boutique\\\/\"},{\"@type\":\"ListItem\",\"position\":3,\"name\":\"Cr\u00e8me Peaux Sensibles BioCalm\"}]},{\"@type\":\"WebSite\",\"@id\":\"https:\\\/\\\/nellydevuyst.com\\\/fr\\\/#website\",\"url\":\"https:\\\/\\\/nellydevuyst.com\\\/fr\\\/\",\"name\":\"Nelly De Vuyst\u00ae Skin Care\",\"description\":\"The Best of Science and Nature\",\"publisher\":{\"@id\":\"https:\\\/\\\/nellydevuyst.com\\\/fr\\\/#organization\"},\"alternateName\":\"NDV Skin Care\",\"potentialAction\":[{\"@type\":\"SearchAction\",\"target\":{\"@type\":\"EntryPoint\",\"urlTemplate\":\"https:\\\/\\\/nellydevuyst.com\\\/fr\\\/?s={search_term_string}\"},\"query-input\":{\"@type\":\"PropertyValueSpecification\",\"valueRequired\":true,\"valueName\":\"search_term_string\"}}],\"inLanguage\":\"fr-FR\"},{\"@type\":\"Organization\",\"@id\":\"https:\\\/\\\/nellydevuyst.com\\\/fr\\\/#organization\",\"name\":\"Nelly De Vuyst Skin Care\",\"alternateName\":\"NDV Skin Care\",\"url\":\"https:\\\/\\\/nellydevuyst.com\\\/fr\\\/\",\"logo\":{\"@type\":\"ImageObject\",\"inLanguage\":\"fr-FR\",\"@id\":\"https:\\\/\\\/nellydevuyst.com\\\/fr\\\/#\\\/schema\\\/logo\\\/image\\\/\",\"url\":\"https:\\\/\\\/nellydevuyst.com\\\/wp-content\\\/uploads\\\/2024\\\/01\\\/ndv-logo-favico.png\",\"contentUrl\":\"https:\\\/\\\/nellydevuyst.com\\\/wp-content\\\/uploads\\\/2024\\\/01\\\/ndv-logo-favico.png\",\"width\":512,\"height\":512,\"caption\":\"Nelly De Vuyst Skin Care\"},\"image\":{\"@id\":\"https:\\\/\\\/nellydevuyst.com\\\/fr\\\/#\\\/schema\\\/logo\\\/image\\\/\"},\"sameAs\":[\"https:\\\/\\\/www.facebook.com\\\/NellyDeVuystSkincare\\\/\",\"https:\\\/\\\/www.instagram.com\\\/nelly_devuyst\\\/\",\"https:\\\/\\\/www.youtube.com\\\/user\\\/derme8282\",\"https:\\\/\\\/www.tiktok.com\\\/@nellydevuyst\",\"https:\\\/\\\/www.pinterest.com.mx\\\/nellydevuystskincare\\\/\"]}]}<\/script>\n<!-- \/ Yoast SEO plugin. -->","yoast_head_json":{"title":"Cr\u00e8me Peaux Sensibles BioCalm | Nelly De Vuyst\u00ae Skin Care","description":"Dites adieu \u00e0 la peau s\u00e8che et \u00e0 l'irritation de la peau gr\u00e2ce \u00e0 notre cr\u00e8me nourrissante et calmante pour les peaux sensibles et hypersensibles, m\u00eame celles sujettes \u00e0 l'ecz\u00e9ma.","robots":{"index":"index","follow":"follow","max-snippet":"max-snippet:-1","max-image-preview":"max-image-preview:large","max-video-preview":"max-video-preview:-1"},"canonical":"https:\/\/nellydevuyst.com\/fr\/produit\/creme-peaux-sensibles-biocalm\/","og_locale":"fr_FR","og_type":"article","og_title":"Cr\u00e8me Peaux Sensibles BioCalm | Nelly De Vuyst\u00ae Skin Care","og_description":"Dites adieu \u00e0 la peau s\u00e8che et \u00e0 l'irritation de la peau gr\u00e2ce \u00e0 notre cr\u00e8me nourrissante et calmante pour les peaux sensibles et hypersensibles, m\u00eame celles sujettes \u00e0 l'ecz\u00e9ma.","og_url":"https:\/\/nellydevuyst.com\/fr\/produit\/creme-peaux-sensibles-biocalm\/","og_site_name":"Nelly De Vuyst\u00ae Skin Care","article_publisher":"https:\/\/www.facebook.com\/NellyDeVuystSkincare\/","article_modified_time":"2026-03-08T16:05:26+00:00","og_image":[{"width":1200,"height":1200,"url":"https:\/\/nellydevuyst.com\/wp-content\/uploads\/2013\/06\/BioCalm-Sensitive-Skin-Cream.jpg","type":"image\/jpeg"}],"twitter_card":"summary_large_image","schema":{"@context":"https:\/\/schema.org","@graph":[{"@type":["WebPage","ItemPage"],"@id":"https:\/\/nellydevuyst.com\/fr\/produit\/creme-peaux-sensibles-biocalm\/","url":"https:\/\/nellydevuyst.com\/fr\/produit\/creme-peaux-sensibles-biocalm\/","name":"Cr\u00e8me Peaux Sensibles BioCalm | Nelly De Vuyst\u00ae Skin Care","isPartOf":{"@id":"https:\/\/nellydevuyst.com\/fr\/#website"},"primaryImageOfPage":{"@id":"https:\/\/nellydevuyst.com\/fr\/produit\/creme-peaux-sensibles-biocalm\/#primaryimage"},"image":{"@id":"https:\/\/nellydevuyst.com\/fr\/produit\/creme-peaux-sensibles-biocalm\/#primaryimage"},"thumbnailUrl":"https:\/\/nellydevuyst.com\/wp-content\/uploads\/2013\/06\/BioCalm-Sensitive-Skin-Cream.jpg","datePublished":"2013-06-07T15:33:05+00:00","dateModified":"2026-03-08T16:05:26+00:00","description":"Dites adieu \u00e0 la peau s\u00e8che et \u00e0 l'irritation de la peau gr\u00e2ce \u00e0 notre cr\u00e8me nourrissante et calmante pour les peaux sensibles et hypersensibles, m\u00eame celles sujettes \u00e0 l'ecz\u00e9ma.","breadcrumb":{"@id":"https:\/\/nellydevuyst.com\/fr\/produit\/creme-peaux-sensibles-biocalm\/#breadcrumb"},"inLanguage":"fr-FR","potentialAction":[{"@type":"ReadAction","target":["https:\/\/nellydevuyst.com\/fr\/produit\/creme-peaux-sensibles-biocalm\/"]}]},{"@type":"ImageObject","inLanguage":"fr-FR","@id":"https:\/\/nellydevuyst.com\/fr\/produit\/creme-peaux-sensibles-biocalm\/#primaryimage","url":"https:\/\/nellydevuyst.com\/wp-content\/uploads\/2013\/06\/BioCalm-Sensitive-Skin-Cream.jpg","contentUrl":"https:\/\/nellydevuyst.com\/wp-content\/uploads\/2013\/06\/BioCalm-Sensitive-Skin-Cream.jpg","width":1200,"height":1200,"caption":"Cr\u00e8me Peaux Sensibles BioCalm"},{"@type":"BreadcrumbList","@id":"https:\/\/nellydevuyst.com\/fr\/produit\/creme-peaux-sensibles-biocalm\/#breadcrumb","itemListElement":[{"@type":"ListItem","position":1,"name":"Home","item":"https:\/\/nellydevuyst.com\/fr\/"},{"@type":"ListItem","position":2,"name":"Boutique","item":"https:\/\/nellydevuyst.com\/fr\/boutique\/"},{"@type":"ListItem","position":3,"name":"Cr\u00e8me Peaux Sensibles BioCalm"}]},{"@type":"WebSite","@id":"https:\/\/nellydevuyst.com\/fr\/#website","url":"https:\/\/nellydevuyst.com\/fr\/","name":"Nelly De Vuyst\u00ae Skin Care","description":"The Best of Science and Nature","publisher":{"@id":"https:\/\/nellydevuyst.com\/fr\/#organization"},"alternateName":"NDV Skin Care","potentialAction":[{"@type":"SearchAction","target":{"@type":"EntryPoint","urlTemplate":"https:\/\/nellydevuyst.com\/fr\/?s={search_term_string}"},"query-input":{"@type":"PropertyValueSpecification","valueRequired":true,"valueName":"search_term_string"}}],"inLanguage":"fr-FR"},{"@type":"Organization","@id":"https:\/\/nellydevuyst.com\/fr\/#organization","name":"Nelly De Vuyst Skin Care","alternateName":"NDV Skin Care","url":"https:\/\/nellydevuyst.com\/fr\/","logo":{"@type":"ImageObject","inLanguage":"fr-FR","@id":"https:\/\/nellydevuyst.com\/fr\/#\/schema\/logo\/image\/","url":"https:\/\/nellydevuyst.com\/wp-content\/uploads\/2024\/01\/ndv-logo-favico.png","contentUrl":"https:\/\/nellydevuyst.com\/wp-content\/uploads\/2024\/01\/ndv-logo-favico.png","width":512,"height":512,"caption":"Nelly De Vuyst Skin Care"},"image":{"@id":"https:\/\/nellydevuyst.com\/fr\/#\/schema\/logo\/image\/"},"sameAs":["https:\/\/www.facebook.com\/NellyDeVuystSkincare\/","https:\/\/www.instagram.com\/nelly_devuyst\/","https:\/\/www.youtube.com\/user\/derme8282","https:\/\/www.tiktok.com\/@nellydevuyst","https:\/\/www.pinterest.com.mx\/nellydevuystskincare\/"]}]}},"_links":{"self":[{"href":"https:\/\/nellydevuyst.com\/fr\/wp-json\/wp\/v2\/product\/1784","targetHints":{"allow":["GET"]}}],"collection":[{"href":"https:\/\/nellydevuyst.com\/fr\/wp-json\/wp\/v2\/product"}],"about":[{"href":"https:\/\/nellydevuyst.com\/fr\/wp-json\/wp\/v2\/types\/product"}],"replies":[{"embeddable":true,"href":"https:\/\/nellydevuyst.com\/fr\/wp-json\/wp\/v2\/comments?post=1784"}],"wp:featuredmedia":[{"embeddable":true,"href":"https:\/\/nellydevuyst.com\/fr\/wp-json\/wp\/v2\/media\/14145"}],"wp:attachment":[{"href":"https:\/\/nellydevuyst.com\/fr\/wp-json\/wp\/v2\/media?parent=1784"}],"wp:term":[{"taxonomy":"product_brand","embeddable":true,"href":"https:\/\/nellydevuyst.com\/fr\/wp-json\/wp\/v2\/product_brand?post=1784"},{"taxonomy":"product_cat","embeddable":true,"href":"https:\/\/nellydevuyst.com\/fr\/wp-json\/wp\/v2\/product_cat?post=1784"},{"taxonomy":"product_tag","embeddable":true,"href":"https:\/\/nellydevuyst.com\/fr\/wp-json\/wp\/v2\/product_tag?post=1784"},{"taxonomy":"giftcard-category","embeddable":true,"href":"https:\/\/nellydevuyst.com\/fr\/wp-json\/wp\/v2\/giftcard-category?post=1784"}],"curies":[{"name":"wp","href":"https:\/\/api.w.org\/{rel}","templated":true}]}}