{"id":20533,"date":"2026-04-23T14:08:34","date_gmt":"2026-04-23T18:08:34","guid":{"rendered":"https:\/\/nellydevuyst.com\/?post_type=product&#038;p=20533"},"modified":"2026-04-23T14:09:10","modified_gmt":"2026-04-23T18:09:10","slug":"pochette-rituel-douceur-peau-sensible","status":"publish","type":"product","link":"https:\/\/nellydevuyst.com\/fr\/produit\/pochette-rituel-douceur-peau-sensible\/","title":{"rendered":"Pochette Rituel Douceur \u2013 Peau Sensible"},"content":{"rendered":"<h2>Pochette Rituel Douceur \u2013 Peau Sensible<\/h2>\n<p>\u00c0 l\u2019occasion de la F\u00eate des M\u00e8res, offrez-lui un moment de douceur. Parce qu\u2019elle le m\u00e9rite.<\/p>\n<p>D\u00e9couvrez cette pochette pens\u00e9e pour les peaux sensibles, formul\u00e9e pour apaiser, r\u00e9conforter et respecter les peaux les plus d\u00e9licates au quotidien.<\/p>\n<p>Un rituel complet qui aide \u00e0 r\u00e9duire les sensations d\u2019inconfort, \u00e0 calmer les rougeurs et \u00e0 renforcer la barri\u00e8re cutan\u00e9e. Chaque soin a \u00e9t\u00e9 s\u00e9lectionn\u00e9 pour apporter une hydratation douce et durable, tout en respectant l\u2019\u00e9quilibre naturel de la peau.<\/p>\n<p>Id\u00e9ale pour les peaux r\u00e9actives ou fragilis\u00e9es, cette pochette transforme la routine en un v\u00e9ritable moment de confort et de bien-\u00eatre.<\/p>\n<p><strong>Inclus :<\/strong><\/p>\n<ul>\n<li class=\"bullet-arrow\"><a href=\"https:\/\/nellydevuyst.com\/fr\/produit\/lait-nettoyant-hydrocell-voyage\/\">Lait Nettoyant Hydrocell (Voyage)<\/a><\/li>\n<li class=\"bullet-arrow\"><a href=\"https:\/\/nellydevuyst.com\/fr\/produit\/gel-exfoliant-peaux-sensibles-biocalm-voyage\/\">Gel Exfoliant Peaux Sensibles BioCalm (Voyage)<\/a><\/li>\n<li class=\"bullet-arrow\"><a href=\"https:\/\/nellydevuyst.com\/fr\/produit\/creme-peaux-sensibles-biocalm-voyage\/\">Cr\u00e8me Peaux Sensibles BioCalm (Voyage)<\/a><\/li>\n<li class=\"bullet-arrow\"><a href=\"https:\/\/nellydevuyst.com\/fr\/produit\/tonique-peaux-sensibles-biocalm-voyage\/\">Tonique Peaux Sensibles BioCalm (Voyage)<\/a><\/li>\n<li class=\"bullet-star\"><strong>GRATUIT :<\/strong> <a href=\"https:\/\/nellydevuyst.com\/fr\/produit\/creme-hydrocell\/\">Cr\u00e8me Hydrocell<\/a> | 5 ml<\/li>\n<li class=\"bullet-star\"><strong>GRATUIT :<\/strong> <a href=\"https:\/\/nellydevuyst.com\/fr\/produit\/gel-intense-collagen\/\">Gel Intense Collagen<\/a> | 5 g<\/li>\n<li class=\"bullet-star\"><strong>GRATUIT :<\/strong> Pochette<\/li>\n<\/ul>\n","protected":false},"excerpt":{"rendered":"<p>\u00c0 l\u2019occasion de la F\u00eate des M\u00e8res, offrez un moment de douceur \u00e0 celles qui prennent soin de tout le monde.<br \/>\nD\u00e9couvrez cette pochette pens\u00e9e pour les peaux sensibles, formul\u00e9e pour apaiser, r\u00e9conforter et respecter les peaux les plus d\u00e9licates au quotidien.<\/p>\n","protected":false},"featured_media":20532,"comment_status":"open","ping_status":"closed","template":"","meta":[],"product_brand":[],"product_cat":[529,202],"product_tag":[],"giftcard-category":[],"class_list":{"0":"post-20533","1":"product","2":"type-product","3":"status-publish","4":"has-post-thumbnail","6":"product_cat-offres-speciales-idees-cadeaux","7":"product_cat-peau-sensible-rosacee","9":"first","10":"instock","11":"sale","12":"featured","13":"taxable","14":"shipping-taxable","15":"purchasable","16":"product-type-simple"},"yoast_head":"<!-- This site is optimized with the Yoast SEO plugin v27.4 - https:\/\/yoast.com\/product\/yoast-seo-wordpress\/ -->\n<title>Pochette Rituel Douceur \u2013 Peau Sensible | Nelly De Vuyst\u00ae Skin Care<\/title>\n<meta name=\"description\" content=\"D\u00e9couvrez cette pochette pens\u00e9e pour les peaux sensibles, formul\u00e9e pour apaiser, r\u00e9conforter et respecter les peaux les plus d\u00e9licates au quotidien.\" \/>\n<meta name=\"robots\" content=\"index, follow, max-snippet:-1, max-image-preview:large, max-video-preview:-1\" \/>\n<link rel=\"canonical\" href=\"https:\/\/nellydevuyst.com\/fr\/produit\/pochette-rituel-douceur-peau-sensible\/\" \/>\n<meta property=\"og:locale\" content=\"fr_FR\" \/>\n<meta property=\"og:type\" content=\"article\" \/>\n<meta property=\"og:title\" content=\"Pochette Rituel Douceur \u2013 Peau Sensible | Nelly De Vuyst\u00ae Skin Care\" \/>\n<meta property=\"og:description\" content=\"D\u00e9couvrez cette pochette pens\u00e9e pour les peaux sensibles, formul\u00e9e pour apaiser, r\u00e9conforter et respecter les peaux les plus d\u00e9licates au quotidien.\" \/>\n<meta property=\"og:url\" content=\"https:\/\/nellydevuyst.com\/fr\/produit\/pochette-rituel-douceur-peau-sensible\/\" \/>\n<meta property=\"og:site_name\" content=\"Nelly De Vuyst\u00ae Skin Care\" \/>\n<meta property=\"article:publisher\" content=\"https:\/\/www.facebook.com\/NellyDeVuystSkincare\/\" \/>\n<meta property=\"article:modified_time\" content=\"2026-04-23T18:09:10+00:00\" \/>\n<meta property=\"og:image\" content=\"https:\/\/nellydevuyst.com\/wp-content\/uploads\/2026\/04\/Sensitive-Skin-Soothing-Ritual.jpg\" \/>\n\t<meta property=\"og:image:width\" content=\"1200\" \/>\n\t<meta property=\"og:image:height\" content=\"1200\" \/>\n\t<meta property=\"og:image:type\" content=\"image\/jpeg\" \/>\n<meta name=\"twitter:card\" content=\"summary_large_image\" \/>\n<script type=\"application\/ld+json\" class=\"yoast-schema-graph\">{\"@context\":\"https:\\\/\\\/schema.org\",\"@graph\":[{\"@type\":[\"WebPage\",\"ItemPage\"],\"@id\":\"https:\\\/\\\/nellydevuyst.com\\\/fr\\\/produit\\\/pochette-rituel-douceur-peau-sensible\\\/\",\"url\":\"https:\\\/\\\/nellydevuyst.com\\\/fr\\\/produit\\\/pochette-rituel-douceur-peau-sensible\\\/\",\"name\":\"Pochette Rituel Douceur \u2013 Peau Sensible | Nelly De Vuyst\u00ae Skin Care\",\"isPartOf\":{\"@id\":\"https:\\\/\\\/nellydevuyst.com\\\/fr\\\/#website\"},\"primaryImageOfPage\":{\"@id\":\"https:\\\/\\\/nellydevuyst.com\\\/fr\\\/produit\\\/pochette-rituel-douceur-peau-sensible\\\/#primaryimage\"},\"image\":{\"@id\":\"https:\\\/\\\/nellydevuyst.com\\\/fr\\\/produit\\\/pochette-rituel-douceur-peau-sensible\\\/#primaryimage\"},\"thumbnailUrl\":\"https:\\\/\\\/nellydevuyst.com\\\/wp-content\\\/uploads\\\/2026\\\/04\\\/Sensitive-Skin-Soothing-Ritual.jpg\",\"datePublished\":\"2026-04-23T18:08:34+00:00\",\"dateModified\":\"2026-04-23T18:09:10+00:00\",\"description\":\"D\u00e9couvrez cette pochette pens\u00e9e pour les peaux sensibles, formul\u00e9e pour apaiser, r\u00e9conforter et respecter les peaux les plus d\u00e9licates au quotidien.\",\"breadcrumb\":{\"@id\":\"https:\\\/\\\/nellydevuyst.com\\\/fr\\\/produit\\\/pochette-rituel-douceur-peau-sensible\\\/#breadcrumb\"},\"inLanguage\":\"fr-FR\",\"potentialAction\":[{\"@type\":\"ReadAction\",\"target\":[\"https:\\\/\\\/nellydevuyst.com\\\/fr\\\/produit\\\/pochette-rituel-douceur-peau-sensible\\\/\"]}]},{\"@type\":\"ImageObject\",\"inLanguage\":\"fr-FR\",\"@id\":\"https:\\\/\\\/nellydevuyst.com\\\/fr\\\/produit\\\/pochette-rituel-douceur-peau-sensible\\\/#primaryimage\",\"url\":\"https:\\\/\\\/nellydevuyst.com\\\/wp-content\\\/uploads\\\/2026\\\/04\\\/Sensitive-Skin-Soothing-Ritual.jpg\",\"contentUrl\":\"https:\\\/\\\/nellydevuyst.com\\\/wp-content\\\/uploads\\\/2026\\\/04\\\/Sensitive-Skin-Soothing-Ritual.jpg\",\"width\":1200,\"height\":1200,\"caption\":\"Pochette Rituel Douceur \u2013 Peau Sensible\"},{\"@type\":\"BreadcrumbList\",\"@id\":\"https:\\\/\\\/nellydevuyst.com\\\/fr\\\/produit\\\/pochette-rituel-douceur-peau-sensible\\\/#breadcrumb\",\"itemListElement\":[{\"@type\":\"ListItem\",\"position\":1,\"name\":\"Home\",\"item\":\"https:\\\/\\\/nellydevuyst.com\\\/fr\\\/\"},{\"@type\":\"ListItem\",\"position\":2,\"name\":\"Boutique\",\"item\":\"https:\\\/\\\/nellydevuyst.com\\\/fr\\\/boutique\\\/\"},{\"@type\":\"ListItem\",\"position\":3,\"name\":\"Pochette Rituel Douceur \u2013 Peau Sensible\"}]},{\"@type\":\"WebSite\",\"@id\":\"https:\\\/\\\/nellydevuyst.com\\\/fr\\\/#website\",\"url\":\"https:\\\/\\\/nellydevuyst.com\\\/fr\\\/\",\"name\":\"Nelly De Vuyst\u00ae Skin Care\",\"description\":\"The Best of Science and Nature\",\"publisher\":{\"@id\":\"https:\\\/\\\/nellydevuyst.com\\\/fr\\\/#organization\"},\"alternateName\":\"NDV Skin Care\",\"potentialAction\":[{\"@type\":\"SearchAction\",\"target\":{\"@type\":\"EntryPoint\",\"urlTemplate\":\"https:\\\/\\\/nellydevuyst.com\\\/fr\\\/?s={search_term_string}\"},\"query-input\":{\"@type\":\"PropertyValueSpecification\",\"valueRequired\":true,\"valueName\":\"search_term_string\"}}],\"inLanguage\":\"fr-FR\"},{\"@type\":\"Organization\",\"@id\":\"https:\\\/\\\/nellydevuyst.com\\\/fr\\\/#organization\",\"name\":\"Nelly De Vuyst Skin Care\",\"alternateName\":\"NDV Skin Care\",\"url\":\"https:\\\/\\\/nellydevuyst.com\\\/fr\\\/\",\"logo\":{\"@type\":\"ImageObject\",\"inLanguage\":\"fr-FR\",\"@id\":\"https:\\\/\\\/nellydevuyst.com\\\/fr\\\/#\\\/schema\\\/logo\\\/image\\\/\",\"url\":\"https:\\\/\\\/nellydevuyst.com\\\/wp-content\\\/uploads\\\/2024\\\/01\\\/ndv-logo-favico.png\",\"contentUrl\":\"https:\\\/\\\/nellydevuyst.com\\\/wp-content\\\/uploads\\\/2024\\\/01\\\/ndv-logo-favico.png\",\"width\":512,\"height\":512,\"caption\":\"Nelly De Vuyst Skin Care\"},\"image\":{\"@id\":\"https:\\\/\\\/nellydevuyst.com\\\/fr\\\/#\\\/schema\\\/logo\\\/image\\\/\"},\"sameAs\":[\"https:\\\/\\\/www.facebook.com\\\/NellyDeVuystSkincare\\\/\",\"https:\\\/\\\/www.instagram.com\\\/nelly_devuyst\\\/\",\"https:\\\/\\\/www.youtube.com\\\/user\\\/derme8282\",\"https:\\\/\\\/www.tiktok.com\\\/@nellydevuyst\",\"https:\\\/\\\/www.pinterest.com.mx\\\/nellydevuystskincare\\\/\"]}]}<\/script>\n<!-- \/ Yoast SEO plugin. -->","yoast_head_json":{"title":"Pochette Rituel Douceur \u2013 Peau Sensible | Nelly De Vuyst\u00ae Skin Care","description":"D\u00e9couvrez cette pochette pens\u00e9e pour les peaux sensibles, formul\u00e9e pour apaiser, r\u00e9conforter et respecter les peaux les plus d\u00e9licates au quotidien.","robots":{"index":"index","follow":"follow","max-snippet":"max-snippet:-1","max-image-preview":"max-image-preview:large","max-video-preview":"max-video-preview:-1"},"canonical":"https:\/\/nellydevuyst.com\/fr\/produit\/pochette-rituel-douceur-peau-sensible\/","og_locale":"fr_FR","og_type":"article","og_title":"Pochette Rituel Douceur \u2013 Peau Sensible | Nelly De Vuyst\u00ae Skin Care","og_description":"D\u00e9couvrez cette pochette pens\u00e9e pour les peaux sensibles, formul\u00e9e pour apaiser, r\u00e9conforter et respecter les peaux les plus d\u00e9licates au quotidien.","og_url":"https:\/\/nellydevuyst.com\/fr\/produit\/pochette-rituel-douceur-peau-sensible\/","og_site_name":"Nelly De Vuyst\u00ae Skin Care","article_publisher":"https:\/\/www.facebook.com\/NellyDeVuystSkincare\/","article_modified_time":"2026-04-23T18:09:10+00:00","og_image":[{"width":1200,"height":1200,"url":"https:\/\/nellydevuyst.com\/wp-content\/uploads\/2026\/04\/Sensitive-Skin-Soothing-Ritual.jpg","type":"image\/jpeg"}],"twitter_card":"summary_large_image","schema":{"@context":"https:\/\/schema.org","@graph":[{"@type":["WebPage","ItemPage"],"@id":"https:\/\/nellydevuyst.com\/fr\/produit\/pochette-rituel-douceur-peau-sensible\/","url":"https:\/\/nellydevuyst.com\/fr\/produit\/pochette-rituel-douceur-peau-sensible\/","name":"Pochette Rituel Douceur \u2013 Peau Sensible | Nelly De Vuyst\u00ae Skin Care","isPartOf":{"@id":"https:\/\/nellydevuyst.com\/fr\/#website"},"primaryImageOfPage":{"@id":"https:\/\/nellydevuyst.com\/fr\/produit\/pochette-rituel-douceur-peau-sensible\/#primaryimage"},"image":{"@id":"https:\/\/nellydevuyst.com\/fr\/produit\/pochette-rituel-douceur-peau-sensible\/#primaryimage"},"thumbnailUrl":"https:\/\/nellydevuyst.com\/wp-content\/uploads\/2026\/04\/Sensitive-Skin-Soothing-Ritual.jpg","datePublished":"2026-04-23T18:08:34+00:00","dateModified":"2026-04-23T18:09:10+00:00","description":"D\u00e9couvrez cette pochette pens\u00e9e pour les peaux sensibles, formul\u00e9e pour apaiser, r\u00e9conforter et respecter les peaux les plus d\u00e9licates au quotidien.","breadcrumb":{"@id":"https:\/\/nellydevuyst.com\/fr\/produit\/pochette-rituel-douceur-peau-sensible\/#breadcrumb"},"inLanguage":"fr-FR","potentialAction":[{"@type":"ReadAction","target":["https:\/\/nellydevuyst.com\/fr\/produit\/pochette-rituel-douceur-peau-sensible\/"]}]},{"@type":"ImageObject","inLanguage":"fr-FR","@id":"https:\/\/nellydevuyst.com\/fr\/produit\/pochette-rituel-douceur-peau-sensible\/#primaryimage","url":"https:\/\/nellydevuyst.com\/wp-content\/uploads\/2026\/04\/Sensitive-Skin-Soothing-Ritual.jpg","contentUrl":"https:\/\/nellydevuyst.com\/wp-content\/uploads\/2026\/04\/Sensitive-Skin-Soothing-Ritual.jpg","width":1200,"height":1200,"caption":"Pochette Rituel Douceur \u2013 Peau Sensible"},{"@type":"BreadcrumbList","@id":"https:\/\/nellydevuyst.com\/fr\/produit\/pochette-rituel-douceur-peau-sensible\/#breadcrumb","itemListElement":[{"@type":"ListItem","position":1,"name":"Home","item":"https:\/\/nellydevuyst.com\/fr\/"},{"@type":"ListItem","position":2,"name":"Boutique","item":"https:\/\/nellydevuyst.com\/fr\/boutique\/"},{"@type":"ListItem","position":3,"name":"Pochette Rituel Douceur \u2013 Peau Sensible"}]},{"@type":"WebSite","@id":"https:\/\/nellydevuyst.com\/fr\/#website","url":"https:\/\/nellydevuyst.com\/fr\/","name":"Nelly De Vuyst\u00ae Skin Care","description":"The Best of Science and Nature","publisher":{"@id":"https:\/\/nellydevuyst.com\/fr\/#organization"},"alternateName":"NDV Skin Care","potentialAction":[{"@type":"SearchAction","target":{"@type":"EntryPoint","urlTemplate":"https:\/\/nellydevuyst.com\/fr\/?s={search_term_string}"},"query-input":{"@type":"PropertyValueSpecification","valueRequired":true,"valueName":"search_term_string"}}],"inLanguage":"fr-FR"},{"@type":"Organization","@id":"https:\/\/nellydevuyst.com\/fr\/#organization","name":"Nelly De Vuyst Skin Care","alternateName":"NDV Skin Care","url":"https:\/\/nellydevuyst.com\/fr\/","logo":{"@type":"ImageObject","inLanguage":"fr-FR","@id":"https:\/\/nellydevuyst.com\/fr\/#\/schema\/logo\/image\/","url":"https:\/\/nellydevuyst.com\/wp-content\/uploads\/2024\/01\/ndv-logo-favico.png","contentUrl":"https:\/\/nellydevuyst.com\/wp-content\/uploads\/2024\/01\/ndv-logo-favico.png","width":512,"height":512,"caption":"Nelly De Vuyst Skin Care"},"image":{"@id":"https:\/\/nellydevuyst.com\/fr\/#\/schema\/logo\/image\/"},"sameAs":["https:\/\/www.facebook.com\/NellyDeVuystSkincare\/","https:\/\/www.instagram.com\/nelly_devuyst\/","https:\/\/www.youtube.com\/user\/derme8282","https:\/\/www.tiktok.com\/@nellydevuyst","https:\/\/www.pinterest.com.mx\/nellydevuystskincare\/"]}]}},"_links":{"self":[{"href":"https:\/\/nellydevuyst.com\/fr\/wp-json\/wp\/v2\/product\/20533","targetHints":{"allow":["GET"]}}],"collection":[{"href":"https:\/\/nellydevuyst.com\/fr\/wp-json\/wp\/v2\/product"}],"about":[{"href":"https:\/\/nellydevuyst.com\/fr\/wp-json\/wp\/v2\/types\/product"}],"replies":[{"embeddable":true,"href":"https:\/\/nellydevuyst.com\/fr\/wp-json\/wp\/v2\/comments?post=20533"}],"wp:featuredmedia":[{"embeddable":true,"href":"https:\/\/nellydevuyst.com\/fr\/wp-json\/wp\/v2\/media\/20532"}],"wp:attachment":[{"href":"https:\/\/nellydevuyst.com\/fr\/wp-json\/wp\/v2\/media?parent=20533"}],"wp:term":[{"taxonomy":"product_brand","embeddable":true,"href":"https:\/\/nellydevuyst.com\/fr\/wp-json\/wp\/v2\/product_brand?post=20533"},{"taxonomy":"product_cat","embeddable":true,"href":"https:\/\/nellydevuyst.com\/fr\/wp-json\/wp\/v2\/product_cat?post=20533"},{"taxonomy":"product_tag","embeddable":true,"href":"https:\/\/nellydevuyst.com\/fr\/wp-json\/wp\/v2\/product_tag?post=20533"},{"taxonomy":"giftcard-category","embeddable":true,"href":"https:\/\/nellydevuyst.com\/fr\/wp-json\/wp\/v2\/giftcard-category?post=20533"}],"curies":[{"name":"wp","href":"https:\/\/api.w.org\/{rel}","templated":true}]}}