{"id":4905,"date":"2021-05-31T12:03:39","date_gmt":"2021-05-31T16:03:39","guid":{"rendered":"https:\/\/nellydevuyst.com\/product\/insta-glow\/"},"modified":"2026-04-29T15:31:41","modified_gmt":"2026-04-29T19:31:41","slug":"coffret-facial-insta-eclat-naturelle","status":"publish","type":"product","link":"https:\/\/nellydevuyst.com\/fr\/produit\/coffret-facial-insta-eclat-naturelle\/","title":{"rendered":"Coffret Facial Insta-\u00c9clat Naturelle"},"content":{"rendered":"<h2 class=\"uppercase\">Votre soin du visage \u00e0 la maison !<\/h2>\n<p>D\u00e9couvrez notre Coffret Facial Insta-\u00c9clat Naturelle Nelly De Vuyst\u00ae. Le traitement p\u00e9n\u00e8tre profond\u00e9ment dans la peau et aide \u00e0 cibler les probl\u00e8mes cutan\u00e9s sous-jacents, ce qui permet d&rsquo;obtenir une peau radieuse et \u00e9clatante.<\/p>\n<p><strong>Inclus:<\/strong><\/p>\n<ul>\n<li class=\"bullet-arrow\"><a href=\"https:\/\/nellydevuyst.com\/fr\/produit\/soft-net-creme-nettoyante-pure\/\">Soft Net Cr\u00e8me Nettoyante Pure<\/a><\/li>\n<li class=\"bullet-arrow\"><a href=\"https:\/\/nellydevuyst.com\/fr\/produit\/tonique-ph-lifting-complex\/\">Tonique pH Lifting Complex<\/a><\/li>\n<li class=\"bullet-arrow\"><a href=\"https:\/\/nellydevuyst.com\/fr\/produit\/creme-adn-contour-des-yeux\/\">Cr\u00e8me ADN Contour des Yeux\/a&gt;<\/a><\/li>\n<li class=\"bullet-arrow\"><a href=\"https:\/\/nellydevuyst.com\/fr\/produit\/creme-hydrocell\/\">Cr\u00e8me Hydrocell<\/a><\/li>\n<li class=\"bullet-arrow\"><a href=\"https:\/\/nellydevuyst.com\/fr\/produit\/masque-purifiant-pure\/\">Masque Purifiant Pure<\/a><\/li>\n<li class=\"bullet-star\"><strong>GRATUIT :<\/strong> <a href=\"https:\/\/nellydevuyst.com\/fr\/produit\/brosse-faciale-ndv\/\">Brosse Faciale NDV<\/a><\/li>\n<li class=\"bullet-star\"><strong>GRATUIT :<\/strong> <a href=\"https:\/\/nellydevuyst.com\/fr\/produit\/masque-lifting-complex\/\">Masque Lifting Complex<\/a><\/li>\n<\/ul>\n","protected":false},"excerpt":{"rendered":"<p>Le soin du visage Nelly De Vuyst\u00ae Insta-\u00c9clat Naturel redonne de l&rsquo;\u00e9clat \u00e0 votre teint, laissant votre peau \u00e9clatante et radieuse. La solution parfaite pour une r\u00e9initialisation rapide de la peau.<\/p>\n","protected":false},"featured_media":14620,"comment_status":"open","ping_status":"closed","template":"","meta":[],"product_brand":[],"product_cat":[529],"product_tag":[333],"giftcard-category":[],"class_list":{"0":"post-4905","1":"product","2":"type-product","3":"status-publish","4":"has-post-thumbnail","6":"product_cat-offres-speciales-idees-cadeaux","7":"product_tag-promotion-fr","9":"first","10":"instock","11":"taxable","12":"shipping-taxable","13":"purchasable","14":"product-type-simple"},"yoast_head":"<!-- This site is optimized with the Yoast SEO plugin v27.4 - https:\/\/yoast.com\/product\/yoast-seo-wordpress\/ -->\n<title>Coffret Facial Insta-\u00c9clat Naturelle | Nelly De Vuyst\u00ae Skin Care<\/title>\n<meta name=\"description\" content=\"Le soin du visage Nelly De Vuyst\u00ae Insta-\u00c9clat Naturel redonne de l&#039;\u00e9clat \u00e0 votre teint, laissant votre peau \u00e9clatante et radieuse. La solution parfaite pour une r\u00e9initialisation rapide de la peau.\" \/>\n<meta name=\"robots\" content=\"index, follow, max-snippet:-1, max-image-preview:large, max-video-preview:-1\" \/>\n<link rel=\"canonical\" href=\"https:\/\/nellydevuyst.com\/fr\/produit\/coffret-facial-insta-eclat-naturelle\/\" \/>\n<meta property=\"og:locale\" content=\"fr_FR\" \/>\n<meta property=\"og:type\" content=\"article\" \/>\n<meta property=\"og:title\" content=\"Coffret Facial Insta-\u00c9clat Naturelle | Nelly De Vuyst\u00ae Skin Care\" \/>\n<meta property=\"og:description\" content=\"Le soin du visage Nelly De Vuyst\u00ae Insta-\u00c9clat Naturel redonne de l&#039;\u00e9clat \u00e0 votre teint, laissant votre peau \u00e9clatante et radieuse. La solution parfaite pour une r\u00e9initialisation rapide de la peau.\" \/>\n<meta property=\"og:url\" content=\"https:\/\/nellydevuyst.com\/fr\/produit\/coffret-facial-insta-eclat-naturelle\/\" \/>\n<meta property=\"og:site_name\" content=\"Nelly De Vuyst\u00ae Skin Care\" \/>\n<meta property=\"article:publisher\" content=\"https:\/\/www.facebook.com\/NellyDeVuystSkincare\/\" \/>\n<meta property=\"article:modified_time\" content=\"2026-04-29T19:31:41+00:00\" \/>\n<meta property=\"og:image\" content=\"https:\/\/nellydevuyst.com\/wp-content\/uploads\/2021\/05\/Natural-Insta-Glow-Facial-Kit.jpg\" \/>\n\t<meta property=\"og:image:width\" content=\"1200\" \/>\n\t<meta property=\"og:image:height\" content=\"1200\" \/>\n\t<meta property=\"og:image:type\" content=\"image\/jpeg\" \/>\n<meta name=\"twitter:card\" content=\"summary_large_image\" \/>\n<script type=\"application\/ld+json\" class=\"yoast-schema-graph\">{\"@context\":\"https:\\\/\\\/schema.org\",\"@graph\":[{\"@type\":[\"WebPage\",\"ItemPage\"],\"@id\":\"https:\\\/\\\/nellydevuyst.com\\\/fr\\\/produit\\\/coffret-facial-insta-eclat-naturelle\\\/\",\"url\":\"https:\\\/\\\/nellydevuyst.com\\\/fr\\\/produit\\\/coffret-facial-insta-eclat-naturelle\\\/\",\"name\":\"Coffret Facial Insta-\u00c9clat Naturelle | Nelly De Vuyst\u00ae Skin Care\",\"isPartOf\":{\"@id\":\"https:\\\/\\\/nellydevuyst.com\\\/fr\\\/#website\"},\"primaryImageOfPage\":{\"@id\":\"https:\\\/\\\/nellydevuyst.com\\\/fr\\\/produit\\\/coffret-facial-insta-eclat-naturelle\\\/#primaryimage\"},\"image\":{\"@id\":\"https:\\\/\\\/nellydevuyst.com\\\/fr\\\/produit\\\/coffret-facial-insta-eclat-naturelle\\\/#primaryimage\"},\"thumbnailUrl\":\"https:\\\/\\\/nellydevuyst.com\\\/wp-content\\\/uploads\\\/2021\\\/05\\\/Natural-Insta-Glow-Facial-Kit.jpg\",\"datePublished\":\"2021-05-31T16:03:39+00:00\",\"dateModified\":\"2026-04-29T19:31:41+00:00\",\"description\":\"Le soin du visage Nelly De Vuyst\u00ae Insta-\u00c9clat Naturel redonne de l'\u00e9clat \u00e0 votre teint, laissant votre peau \u00e9clatante et radieuse. La solution parfaite pour une r\u00e9initialisation rapide de la peau.\",\"breadcrumb\":{\"@id\":\"https:\\\/\\\/nellydevuyst.com\\\/fr\\\/produit\\\/coffret-facial-insta-eclat-naturelle\\\/#breadcrumb\"},\"inLanguage\":\"fr-FR\",\"potentialAction\":[{\"@type\":\"ReadAction\",\"target\":[\"https:\\\/\\\/nellydevuyst.com\\\/fr\\\/produit\\\/coffret-facial-insta-eclat-naturelle\\\/\"]}]},{\"@type\":\"ImageObject\",\"inLanguage\":\"fr-FR\",\"@id\":\"https:\\\/\\\/nellydevuyst.com\\\/fr\\\/produit\\\/coffret-facial-insta-eclat-naturelle\\\/#primaryimage\",\"url\":\"https:\\\/\\\/nellydevuyst.com\\\/wp-content\\\/uploads\\\/2021\\\/05\\\/Natural-Insta-Glow-Facial-Kit.jpg\",\"contentUrl\":\"https:\\\/\\\/nellydevuyst.com\\\/wp-content\\\/uploads\\\/2021\\\/05\\\/Natural-Insta-Glow-Facial-Kit.jpg\",\"width\":1200,\"height\":1200,\"caption\":\"Coffret Facial Insta-\u00c9clat Naturelle\"},{\"@type\":\"BreadcrumbList\",\"@id\":\"https:\\\/\\\/nellydevuyst.com\\\/fr\\\/produit\\\/coffret-facial-insta-eclat-naturelle\\\/#breadcrumb\",\"itemListElement\":[{\"@type\":\"ListItem\",\"position\":1,\"name\":\"Home\",\"item\":\"https:\\\/\\\/nellydevuyst.com\\\/fr\\\/\"},{\"@type\":\"ListItem\",\"position\":2,\"name\":\"Boutique\",\"item\":\"https:\\\/\\\/nellydevuyst.com\\\/fr\\\/boutique\\\/\"},{\"@type\":\"ListItem\",\"position\":3,\"name\":\"Coffret Facial Insta-\u00c9clat Naturelle\"}]},{\"@type\":\"WebSite\",\"@id\":\"https:\\\/\\\/nellydevuyst.com\\\/fr\\\/#website\",\"url\":\"https:\\\/\\\/nellydevuyst.com\\\/fr\\\/\",\"name\":\"Nelly De Vuyst\u00ae Skin Care\",\"description\":\"The Best of Science and Nature\",\"publisher\":{\"@id\":\"https:\\\/\\\/nellydevuyst.com\\\/fr\\\/#organization\"},\"alternateName\":\"NDV Skin Care\",\"potentialAction\":[{\"@type\":\"SearchAction\",\"target\":{\"@type\":\"EntryPoint\",\"urlTemplate\":\"https:\\\/\\\/nellydevuyst.com\\\/fr\\\/?s={search_term_string}\"},\"query-input\":{\"@type\":\"PropertyValueSpecification\",\"valueRequired\":true,\"valueName\":\"search_term_string\"}}],\"inLanguage\":\"fr-FR\"},{\"@type\":\"Organization\",\"@id\":\"https:\\\/\\\/nellydevuyst.com\\\/fr\\\/#organization\",\"name\":\"Nelly De Vuyst Skin Care\",\"alternateName\":\"NDV Skin Care\",\"url\":\"https:\\\/\\\/nellydevuyst.com\\\/fr\\\/\",\"logo\":{\"@type\":\"ImageObject\",\"inLanguage\":\"fr-FR\",\"@id\":\"https:\\\/\\\/nellydevuyst.com\\\/fr\\\/#\\\/schema\\\/logo\\\/image\\\/\",\"url\":\"https:\\\/\\\/nellydevuyst.com\\\/wp-content\\\/uploads\\\/2024\\\/01\\\/ndv-logo-favico.png\",\"contentUrl\":\"https:\\\/\\\/nellydevuyst.com\\\/wp-content\\\/uploads\\\/2024\\\/01\\\/ndv-logo-favico.png\",\"width\":512,\"height\":512,\"caption\":\"Nelly De Vuyst Skin Care\"},\"image\":{\"@id\":\"https:\\\/\\\/nellydevuyst.com\\\/fr\\\/#\\\/schema\\\/logo\\\/image\\\/\"},\"sameAs\":[\"https:\\\/\\\/www.facebook.com\\\/NellyDeVuystSkincare\\\/\",\"https:\\\/\\\/www.instagram.com\\\/nelly_devuyst\\\/\",\"https:\\\/\\\/www.youtube.com\\\/user\\\/derme8282\",\"https:\\\/\\\/www.tiktok.com\\\/@nellydevuyst\",\"https:\\\/\\\/www.pinterest.com.mx\\\/nellydevuystskincare\\\/\"]}]}<\/script>\n<!-- \/ Yoast SEO plugin. -->","yoast_head_json":{"title":"Coffret Facial Insta-\u00c9clat Naturelle | Nelly De Vuyst\u00ae Skin Care","description":"Le soin du visage Nelly De Vuyst\u00ae Insta-\u00c9clat Naturel redonne de l'\u00e9clat \u00e0 votre teint, laissant votre peau \u00e9clatante et radieuse. La solution parfaite pour une r\u00e9initialisation rapide de la peau.","robots":{"index":"index","follow":"follow","max-snippet":"max-snippet:-1","max-image-preview":"max-image-preview:large","max-video-preview":"max-video-preview:-1"},"canonical":"https:\/\/nellydevuyst.com\/fr\/produit\/coffret-facial-insta-eclat-naturelle\/","og_locale":"fr_FR","og_type":"article","og_title":"Coffret Facial Insta-\u00c9clat Naturelle | Nelly De Vuyst\u00ae Skin Care","og_description":"Le soin du visage Nelly De Vuyst\u00ae Insta-\u00c9clat Naturel redonne de l'\u00e9clat \u00e0 votre teint, laissant votre peau \u00e9clatante et radieuse. La solution parfaite pour une r\u00e9initialisation rapide de la peau.","og_url":"https:\/\/nellydevuyst.com\/fr\/produit\/coffret-facial-insta-eclat-naturelle\/","og_site_name":"Nelly De Vuyst\u00ae Skin Care","article_publisher":"https:\/\/www.facebook.com\/NellyDeVuystSkincare\/","article_modified_time":"2026-04-29T19:31:41+00:00","og_image":[{"width":1200,"height":1200,"url":"https:\/\/nellydevuyst.com\/wp-content\/uploads\/2021\/05\/Natural-Insta-Glow-Facial-Kit.jpg","type":"image\/jpeg"}],"twitter_card":"summary_large_image","schema":{"@context":"https:\/\/schema.org","@graph":[{"@type":["WebPage","ItemPage"],"@id":"https:\/\/nellydevuyst.com\/fr\/produit\/coffret-facial-insta-eclat-naturelle\/","url":"https:\/\/nellydevuyst.com\/fr\/produit\/coffret-facial-insta-eclat-naturelle\/","name":"Coffret Facial Insta-\u00c9clat Naturelle | Nelly De Vuyst\u00ae Skin Care","isPartOf":{"@id":"https:\/\/nellydevuyst.com\/fr\/#website"},"primaryImageOfPage":{"@id":"https:\/\/nellydevuyst.com\/fr\/produit\/coffret-facial-insta-eclat-naturelle\/#primaryimage"},"image":{"@id":"https:\/\/nellydevuyst.com\/fr\/produit\/coffret-facial-insta-eclat-naturelle\/#primaryimage"},"thumbnailUrl":"https:\/\/nellydevuyst.com\/wp-content\/uploads\/2021\/05\/Natural-Insta-Glow-Facial-Kit.jpg","datePublished":"2021-05-31T16:03:39+00:00","dateModified":"2026-04-29T19:31:41+00:00","description":"Le soin du visage Nelly De Vuyst\u00ae Insta-\u00c9clat Naturel redonne de l'\u00e9clat \u00e0 votre teint, laissant votre peau \u00e9clatante et radieuse. La solution parfaite pour une r\u00e9initialisation rapide de la peau.","breadcrumb":{"@id":"https:\/\/nellydevuyst.com\/fr\/produit\/coffret-facial-insta-eclat-naturelle\/#breadcrumb"},"inLanguage":"fr-FR","potentialAction":[{"@type":"ReadAction","target":["https:\/\/nellydevuyst.com\/fr\/produit\/coffret-facial-insta-eclat-naturelle\/"]}]},{"@type":"ImageObject","inLanguage":"fr-FR","@id":"https:\/\/nellydevuyst.com\/fr\/produit\/coffret-facial-insta-eclat-naturelle\/#primaryimage","url":"https:\/\/nellydevuyst.com\/wp-content\/uploads\/2021\/05\/Natural-Insta-Glow-Facial-Kit.jpg","contentUrl":"https:\/\/nellydevuyst.com\/wp-content\/uploads\/2021\/05\/Natural-Insta-Glow-Facial-Kit.jpg","width":1200,"height":1200,"caption":"Coffret Facial Insta-\u00c9clat Naturelle"},{"@type":"BreadcrumbList","@id":"https:\/\/nellydevuyst.com\/fr\/produit\/coffret-facial-insta-eclat-naturelle\/#breadcrumb","itemListElement":[{"@type":"ListItem","position":1,"name":"Home","item":"https:\/\/nellydevuyst.com\/fr\/"},{"@type":"ListItem","position":2,"name":"Boutique","item":"https:\/\/nellydevuyst.com\/fr\/boutique\/"},{"@type":"ListItem","position":3,"name":"Coffret Facial Insta-\u00c9clat Naturelle"}]},{"@type":"WebSite","@id":"https:\/\/nellydevuyst.com\/fr\/#website","url":"https:\/\/nellydevuyst.com\/fr\/","name":"Nelly De Vuyst\u00ae Skin Care","description":"The Best of Science and Nature","publisher":{"@id":"https:\/\/nellydevuyst.com\/fr\/#organization"},"alternateName":"NDV Skin Care","potentialAction":[{"@type":"SearchAction","target":{"@type":"EntryPoint","urlTemplate":"https:\/\/nellydevuyst.com\/fr\/?s={search_term_string}"},"query-input":{"@type":"PropertyValueSpecification","valueRequired":true,"valueName":"search_term_string"}}],"inLanguage":"fr-FR"},{"@type":"Organization","@id":"https:\/\/nellydevuyst.com\/fr\/#organization","name":"Nelly De Vuyst Skin Care","alternateName":"NDV Skin Care","url":"https:\/\/nellydevuyst.com\/fr\/","logo":{"@type":"ImageObject","inLanguage":"fr-FR","@id":"https:\/\/nellydevuyst.com\/fr\/#\/schema\/logo\/image\/","url":"https:\/\/nellydevuyst.com\/wp-content\/uploads\/2024\/01\/ndv-logo-favico.png","contentUrl":"https:\/\/nellydevuyst.com\/wp-content\/uploads\/2024\/01\/ndv-logo-favico.png","width":512,"height":512,"caption":"Nelly De Vuyst Skin Care"},"image":{"@id":"https:\/\/nellydevuyst.com\/fr\/#\/schema\/logo\/image\/"},"sameAs":["https:\/\/www.facebook.com\/NellyDeVuystSkincare\/","https:\/\/www.instagram.com\/nelly_devuyst\/","https:\/\/www.youtube.com\/user\/derme8282","https:\/\/www.tiktok.com\/@nellydevuyst","https:\/\/www.pinterest.com.mx\/nellydevuystskincare\/"]}]}},"_links":{"self":[{"href":"https:\/\/nellydevuyst.com\/fr\/wp-json\/wp\/v2\/product\/4905","targetHints":{"allow":["GET"]}}],"collection":[{"href":"https:\/\/nellydevuyst.com\/fr\/wp-json\/wp\/v2\/product"}],"about":[{"href":"https:\/\/nellydevuyst.com\/fr\/wp-json\/wp\/v2\/types\/product"}],"replies":[{"embeddable":true,"href":"https:\/\/nellydevuyst.com\/fr\/wp-json\/wp\/v2\/comments?post=4905"}],"wp:featuredmedia":[{"embeddable":true,"href":"https:\/\/nellydevuyst.com\/fr\/wp-json\/wp\/v2\/media\/14620"}],"wp:attachment":[{"href":"https:\/\/nellydevuyst.com\/fr\/wp-json\/wp\/v2\/media?parent=4905"}],"wp:term":[{"taxonomy":"product_brand","embeddable":true,"href":"https:\/\/nellydevuyst.com\/fr\/wp-json\/wp\/v2\/product_brand?post=4905"},{"taxonomy":"product_cat","embeddable":true,"href":"https:\/\/nellydevuyst.com\/fr\/wp-json\/wp\/v2\/product_cat?post=4905"},{"taxonomy":"product_tag","embeddable":true,"href":"https:\/\/nellydevuyst.com\/fr\/wp-json\/wp\/v2\/product_tag?post=4905"},{"taxonomy":"giftcard-category","embeddable":true,"href":"https:\/\/nellydevuyst.com\/fr\/wp-json\/wp\/v2\/giftcard-category?post=4905"}],"curies":[{"name":"wp","href":"https:\/\/api.w.org\/{rel}","templated":true}]}}